{"id":683,"date":"2023-11-27T13:42:12","date_gmt":"2023-11-27T13:42:12","guid":{"rendered":"https:\/\/stnr.aps.pt\/sociologia-educacao\/?page_id=683"},"modified":"2024-01-15T11:15:39","modified_gmt":"2024-01-15T11:15:39","slug":"inscricoes-seminario-st-sociologia-da-educacao","status":"publish","type":"page","link":"https:\/\/stnr.aps.pt\/sociologia-educacao\/inscricoes-seminario-st-sociologia-da-educacao\/","title":{"rendered":"Inscri\u00e7\u00f5es Semin\u00e1rio ST Sociologia da Educa\u00e7\u00e3o"},"content":{"rendered":"<div class=\"fusion-fullwidth fullwidth-box fusion-builder-row-1 fusion-flex-container nonhundred-percent-fullwidth non-hundred-percent-height-scrolling\" style=\"--awb-border-radius-top-left:0px;--awb-border-radius-top-right:0px;--awb-border-radius-bottom-right:0px;--awb-border-radius-bottom-left:0px;--awb-flex-wrap:wrap;\" ><div class=\"fusion-builder-row fusion-row fusion-flex-align-items-flex-start fusion-flex-content-wrap\" style=\"max-width:1144px;margin-left: calc(-4% \/ 2 );margin-right: calc(-4% \/ 2 );\"><div class=\"fusion-layout-column fusion_builder_column fusion-builder-column-0 fusion_builder_column_1_3 1_3 fusion-flex-column\" style=\"--awb-bg-size:cover;--awb-width-large:33.333333333333%;--awb-margin-top-large:0px;--awb-spacing-right-large:5.76%;--awb-margin-bottom-large:20px;--awb-spacing-left-large:5.76%;--awb-width-medium:33.333333333333%;--awb-order-medium:0;--awb-spacing-right-medium:5.76%;--awb-spacing-left-medium:5.76%;--awb-width-small:100%;--awb-order-small:0;--awb-spacing-right-small:1.92%;--awb-spacing-left-small:1.92%;\"><div class=\"fusion-column-wrapper fusion-column-has-shadow fusion-flex-justify-content-flex-start fusion-content-layout-column\"><div class=\"fusion-widget fusion-widget-element fusion-widget-area fusion-content-widget-area wpWidget-1 wpforms_widget\" style=\"--awb-fusion-border-size:0px;--awb-fusion-border-style:solid;\"><div class=\"widget wpforms-widget\"><div class=\"heading\"><h4 class=\"widget-title\">Inscri\u00e7\u00e3o<\/h4><\/div><div class=\"wpforms-container wpforms-container-full\" id=\"wpforms-682\"><form id=\"wpforms-form-682\" class=\"wpforms-validate wpforms-form wpforms-ajax-form\" data-formid=\"682\" method=\"post\" enctype=\"multipart\/form-data\" action=\"\/sociologia-educacao\/wp-json\/wp\/v2\/pages\/683\" data-token=\"e72cace35cd2551f69e5b119267da2e2\" data-token-time=\"1777578938\"><noscript class=\"wpforms-error-noscript\">Please enable JavaScript in your browser to complete this form.<\/noscript><div class=\"wpforms-field-container\"><div id=\"wpforms-682-field_14-container\" class=\"wpforms-field wpforms-field-name\" data-field-id=\"14\"><label class=\"wpforms-field-label\">Nome <span class=\"wpforms-required-label\">*<\/span><\/label><div class=\"wpforms-field-row wpforms-field-medium\"><div class=\"wpforms-field-row-block wpforms-first wpforms-one-half\"><input type=\"text\" id=\"wpforms-682-field_14\" class=\"wpforms-field-name-first wpforms-field-required\" name=\"wpforms[fields][14][first]\" required><label for=\"wpforms-682-field_14\" class=\"wpforms-field-sublabel after\">First<\/label><\/div><div class=\"wpforms-field-row-block wpforms-one-half\"><input type=\"text\" id=\"wpforms-682-field_14-last\" class=\"wpforms-field-name-last wpforms-field-required\" name=\"wpforms[fields][14][last]\" required><label for=\"wpforms-682-field_14-last\" class=\"wpforms-field-sublabel after\">Last<\/label><\/div><\/div><\/div><div id=\"wpforms-682-field_1-container\" class=\"wpforms-field wpforms-field-text\" data-field-id=\"1\"><label class=\"wpforms-field-label\" for=\"wpforms-682-field_1\">Email <span class=\"wpforms-required-label\">*<\/span><\/label><input type=\"text\" id=\"wpforms-682-field_1\" class=\"wpforms-field-medium wpforms-field-required\" name=\"wpforms[fields][1]\" required><\/div><div id=\"wpforms-682-field_4-container\" class=\"wpforms-field wpforms-field-textarea\" data-field-id=\"4\"><label class=\"wpforms-field-label\" for=\"wpforms-682-field_4\">Profiss\u00e3o \/Atividade <span class=\"wpforms-required-label\">*<\/span><\/label><textarea id=\"wpforms-682-field_4\" class=\"wpforms-field-medium wpforms-field-required\" name=\"wpforms[fields][4]\" required><\/textarea><\/div><div id=\"wpforms-682-field_5-container\" class=\"wpforms-field wpforms-field-textarea\" data-field-id=\"5\"><label class=\"wpforms-field-label\" for=\"wpforms-682-field_5\">Institui\u00e7\u00e3o <span class=\"wpforms-required-label\">*<\/span><\/label><textarea id=\"wpforms-682-field_5\" class=\"wpforms-field-medium wpforms-field-required\" name=\"wpforms[fields][5]\" required><\/textarea><\/div><div id=\"wpforms-682-field_6-container\" class=\"wpforms-field wpforms-field-textarea\" data-field-id=\"6\"><label class=\"wpforms-field-label\" for=\"wpforms-682-field_6\">Grau de Escolaridade e \u00e1rea de forma\u00e7\u00e3o<\/label><textarea id=\"wpforms-682-field_6\" class=\"wpforms-field-medium\" name=\"wpforms[fields][6]\" ><\/textarea><\/div><div id=\"wpforms-682-field_13-container\" class=\"wpforms-field wpforms-field-radio\" data-field-id=\"13\"><label class=\"wpforms-field-label\">Se n\u00e3o \u00e9 membro da Sec\u00e7\u00e3o Tem\u00e1tica Sociologia da Educa\u00e7\u00e3o da Associa\u00e7\u00e3o Portuguesa de Sociologia, indique, por favor, se quer integrar a mailing list desta Sec\u00e7\u00e3o Tem\u00e1tica da APS.<\/label><ul id=\"wpforms-682-field_13\"><li class=\"choice-1 depth-1\"><input type=\"radio\" id=\"wpforms-682-field_13_1\" name=\"wpforms[fields][13]\" value=\"Sim\"  ><label class=\"wpforms-field-label-inline\" for=\"wpforms-682-field_13_1\">Sim<\/label><\/li><li class=\"choice-2 depth-1\"><input type=\"radio\" id=\"wpforms-682-field_13_2\" name=\"wpforms[fields][13]\" value=\"N\u00e3o\"  ><label class=\"wpforms-field-label-inline\" for=\"wpforms-682-field_13_2\">N\u00e3o<\/label><\/li><\/ul><\/div><\/div><!-- .wpforms-field-container --><div class=\"wpforms-submit-container\" ><input type=\"hidden\" name=\"wpforms[id]\" value=\"682\"><input type=\"hidden\" name=\"page_title\" value=\"\"><input type=\"hidden\" name=\"page_url\" value=\"https:\/\/stnr.aps.pt\/sociologia-educacao\/wp-json\/wp\/v2\/pages\/683\"><input type=\"hidden\" name=\"url_referer\" value=\"\"><button type=\"submit\" name=\"wpforms[submit]\" id=\"wpforms-submit-682\" class=\"wpforms-submit\" data-alt-text=\"A enviar ...\" data-submit-text=\"Enviar\" aria-live=\"assertive\" value=\"wpforms-submit\">Enviar<\/button><img decoding=\"async\" src=\"data:image\/svg+xml,%3Csvg%20xmlns%3D%27http%3A%2F%2Fwww.w3.org%2F2000%2Fsvg%27%20width%3D%2726%27%20height%3D%2726%27%20viewBox%3D%270%200%2026%2026%27%3E%3Crect%20width%3D%2726%27%20height%3D%2726%27%20fill-opacity%3D%220%22%2F%3E%3C%2Fsvg%3E\" data-orig-src=\"https:\/\/stnr.aps.pt\/sociologia-educacao\/wp-content\/plugins\/wpforms\/assets\/images\/submit-spin.svg\" class=\"lazyload wpforms-submit-spinner\" style=\"display: none;\" width=\"26\" height=\"26\" alt=\"Loading\"><\/div><\/form><\/div>  <!-- .wpforms-container --><\/div><\/div><\/div><\/div><div class=\"fusion-layout-column fusion_builder_column fusion-builder-column-1 fusion_builder_column_2_3 2_3 fusion-flex-column\" style=\"--awb-bg-size:cover;--awb-width-large:66.666666666667%;--awb-margin-top-large:0px;--awb-spacing-right-large:2.88%;--awb-margin-bottom-large:20px;--awb-spacing-left-large:2.88%;--awb-width-medium:66.666666666667%;--awb-order-medium:0;--awb-spacing-right-medium:2.88%;--awb-spacing-left-medium:2.88%;--awb-width-small:100%;--awb-order-small:0;--awb-spacing-right-small:1.92%;--awb-spacing-left-small:1.92%;\"><div class=\"fusion-column-wrapper fusion-column-has-shadow fusion-flex-justify-content-flex-start fusion-content-layout-column\"><div class=\"fusion-text fusion-text-1\"><p><a href=\"https:\/\/drive.google.com\/file\/d\/1qjMCwOTW0qdmu2x46OQcl6RM1jSfIiyh\/view?usp=sharing\" target=\"_blank\" rel=\"noopener\">Programa [pdf]<\/a><\/p>\n<p><img decoding=\"async\" class=\"lazyload alignnone wp-image-708\" src=\"https:\/\/stnr.aps.pt\/sociologia-educacao\/wp-content\/uploads\/sites\/32\/2023\/12\/Seminario-ST-Educacao_programa-212x300.jpg\" data-orig-src=\"https:\/\/stnr.aps.pt\/sociologia-educacao\/wp-content\/uploads\/sites\/32\/2023\/12\/Seminario-ST-Educacao_programa-212x300.jpg\" alt=\"\" width=\"447\" height=\"633\" srcset=\"data:image\/svg+xml,%3Csvg%20xmlns%3D%27http%3A%2F%2Fwww.w3.org%2F2000%2Fsvg%27%20width%3D%27447%27%20height%3D%27633%27%20viewBox%3D%270%200%20447%20633%27%3E%3Crect%20width%3D%27447%27%20height%3D%27633%27%20fill-opacity%3D%220%22%2F%3E%3C%2Fsvg%3E\" data-srcset=\"https:\/\/stnr.aps.pt\/sociologia-educacao\/wp-content\/uploads\/sites\/32\/2023\/12\/Seminario-ST-Educacao_programa-200x283.jpg 200w, https:\/\/stnr.aps.pt\/sociologia-educacao\/wp-content\/uploads\/sites\/32\/2023\/12\/Seminario-ST-Educacao_programa-212x300.jpg 212w, https:\/\/stnr.aps.pt\/sociologia-educacao\/wp-content\/uploads\/sites\/32\/2023\/12\/Seminario-ST-Educacao_programa-400x566.jpg 400w, https:\/\/stnr.aps.pt\/sociologia-educacao\/wp-content\/uploads\/sites\/32\/2023\/12\/Seminario-ST-Educacao_programa-600x849.jpg 600w, https:\/\/stnr.aps.pt\/sociologia-educacao\/wp-content\/uploads\/sites\/32\/2023\/12\/Seminario-ST-Educacao_programa-724x1024.jpg 724w, https:\/\/stnr.aps.pt\/sociologia-educacao\/wp-content\/uploads\/sites\/32\/2023\/12\/Seminario-ST-Educacao_programa-768x1086.jpg 768w, https:\/\/stnr.aps.pt\/sociologia-educacao\/wp-content\/uploads\/sites\/32\/2023\/12\/Seminario-ST-Educacao_programa-800x1132.jpg 800w, https:\/\/stnr.aps.pt\/sociologia-educacao\/wp-content\/uploads\/sites\/32\/2023\/12\/Seminario-ST-Educacao_programa-1086x1536.jpg 1086w, https:\/\/stnr.aps.pt\/sociologia-educacao\/wp-content\/uploads\/sites\/32\/2023\/12\/Seminario-ST-Educacao_programa-1200x1698.jpg 1200w, https:\/\/stnr.aps.pt\/sociologia-educacao\/wp-content\/uploads\/sites\/32\/2023\/12\/Seminario-ST-Educacao_programa-1320x1867.jpg 1320w, https:\/\/stnr.aps.pt\/sociologia-educacao\/wp-content\/uploads\/sites\/32\/2023\/12\/Seminario-ST-Educacao_programa-1448x2048.jpg 1448w, https:\/\/stnr.aps.pt\/sociologia-educacao\/wp-content\/uploads\/sites\/32\/2023\/12\/Seminario-ST-Educacao_programa.jpg 1587w\" data-sizes=\"auto\" data-orig-sizes=\"(max-width: 447px) 100vw, 447px\" \/><\/p>\n<p>&nbsp;<\/p>\n<\/div><\/div><\/div><\/div><\/div>\n","protected":false},"excerpt":{"rendered":"","protected":false},"author":18,"featured_media":0,"parent":0,"menu_order":0,"comment_status":"closed","ping_status":"closed","template":"","meta":{"footnotes":""},"class_list":["post-683","page","type-page","status-publish","hentry"],"_links":{"self":[{"href":"https:\/\/stnr.aps.pt\/sociologia-educacao\/wp-json\/wp\/v2\/pages\/683","targetHints":{"allow":["GET"]}}],"collection":[{"href":"https:\/\/stnr.aps.pt\/sociologia-educacao\/wp-json\/wp\/v2\/pages"}],"about":[{"href":"https:\/\/stnr.aps.pt\/sociologia-educacao\/wp-json\/wp\/v2\/types\/page"}],"author":[{"embeddable":true,"href":"https:\/\/stnr.aps.pt\/sociologia-educacao\/wp-json\/wp\/v2\/users\/18"}],"replies":[{"embeddable":true,"href":"https:\/\/stnr.aps.pt\/sociologia-educacao\/wp-json\/wp\/v2\/comments?post=683"}],"version-history":[{"count":26,"href":"https:\/\/stnr.aps.pt\/sociologia-educacao\/wp-json\/wp\/v2\/pages\/683\/revisions"}],"predecessor-version":[{"id":725,"href":"https:\/\/stnr.aps.pt\/sociologia-educacao\/wp-json\/wp\/v2\/pages\/683\/revisions\/725"}],"wp:attachment":[{"href":"https:\/\/stnr.aps.pt\/sociologia-educacao\/wp-json\/wp\/v2\/media?parent=683"}],"curies":[{"name":"wp","href":"https:\/\/api.w.org\/{rel}","templated":true}]}}