{"id":362,"date":"2021-07-01T17:22:49","date_gmt":"2021-07-01T17:22:49","guid":{"rendered":"https:\/\/stnr.aps.pt\/sociologia-educacao\/?page_id=362"},"modified":"2024-08-05T14:47:43","modified_gmt":"2024-08-05T14:47:43","slug":"atividades-organizadas-pela-st-nr","status":"publish","type":"page","link":"https:\/\/stnr.aps.pt\/sociologia-educacao\/atividades-organizadas-pela-st-nr\/","title":{"rendered":"Eventos da Sec\u00e7\u00e3o"},"content":{"rendered":"<p><div class=\"fusion-fullwidth fullwidth-box fusion-builder-row-1 fusion-flex-container nonhundred-percent-fullwidth non-hundred-percent-height-scrolling\" style=\"--awb-border-radius-top-left:0px;--awb-border-radius-top-right:0px;--awb-border-radius-bottom-right:0px;--awb-border-radius-bottom-left:0px;--awb-flex-wrap:wrap;\" ><div class=\"fusion-builder-row fusion-row fusion-flex-align-items-flex-start fusion-flex-content-wrap\" style=\"max-width:1144px;margin-left: calc(-4% \/ 2 );margin-right: calc(-4% \/ 2 );\"><div class=\"fusion-layout-column fusion_builder_column fusion-builder-column-0 fusion_builder_column_1_1 1_1 fusion-flex-column\" style=\"--awb-bg-size:cover;--awb-width-large:100%;--awb-margin-top-large:0px;--awb-spacing-right-large:1.92%;--awb-margin-bottom-large:20px;--awb-spacing-left-large:1.92%;--awb-width-medium:100%;--awb-order-medium:0;--awb-spacing-right-medium:1.92%;--awb-spacing-left-medium:1.92%;--awb-width-small:100%;--awb-order-small:0;--awb-spacing-right-small:1.92%;--awb-spacing-left-small:1.92%;\"><div class=\"fusion-column-wrapper fusion-column-has-shadow fusion-flex-justify-content-flex-start fusion-content-layout-column\"><div class=\"fusion-text fusion-text-1\"><h2><strong>Semin\u00e1rio &#8211; A sociologia na educa\u00e7\u00e3o: reflex\u00f5es sobre pr\u00e1ticas profissionais<\/strong><\/h2>\n<\/div><\/div><\/div><\/div><\/div><div class=\"fusion-fullwidth fullwidth-box fusion-builder-row-2 fusion-flex-container nonhundred-percent-fullwidth non-hundred-percent-height-scrolling\" style=\"--awb-border-radius-top-left:0px;--awb-border-radius-top-right:0px;--awb-border-radius-bottom-right:0px;--awb-border-radius-bottom-left:0px;--awb-flex-wrap:wrap;\" ><div class=\"fusion-builder-row fusion-row fusion-flex-align-items-flex-start fusion-flex-content-wrap\" style=\"max-width:1144px;margin-left: calc(-4% \/ 2 );margin-right: calc(-4% \/ 2 );\"><div class=\"fusion-layout-column fusion_builder_column fusion-builder-column-1 fusion_builder_column_1_2 1_2 fusion-flex-column\" style=\"--awb-bg-size:cover;--awb-width-large:50%;--awb-margin-top-large:0px;--awb-spacing-right-large:3.84%;--awb-margin-bottom-large:20px;--awb-spacing-left-large:3.84%;--awb-width-medium:50%;--awb-order-medium:0;--awb-spacing-right-medium:3.84%;--awb-spacing-left-medium:3.84%;--awb-width-small:100%;--awb-order-small:0;--awb-spacing-right-small:1.92%;--awb-spacing-left-small:1.92%;\"><div class=\"fusion-column-wrapper fusion-column-has-shadow fusion-flex-justify-content-flex-start fusion-content-layout-column\"><div class=\"fusion-text fusion-text-2\"><p><img decoding=\"async\" class=\"lazyload size-medium wp-image-799 aligncenter\" src=\"https:\/\/stnr.aps.pt\/sociologia-educacao\/wp-content\/uploads\/sites\/32\/2024\/08\/Semina\u0301rio-ST-Educac\u0327a\u0303o_cartaz-212x300.jpg\" data-orig-src=\"https:\/\/stnr.aps.pt\/sociologia-educacao\/wp-content\/uploads\/sites\/32\/2024\/08\/Semina\u0301rio-ST-Educac\u0327a\u0303o_cartaz-212x300.jpg\" alt=\"\" width=\"212\" height=\"300\" srcset=\"data:image\/svg+xml,%3Csvg%20xmlns%3D%27http%3A%2F%2Fwww.w3.org%2F2000%2Fsvg%27%20width%3D%27212%27%20height%3D%27300%27%20viewBox%3D%270%200%20212%20300%27%3E%3Crect%20width%3D%27212%27%20height%3D%27300%27%20fill-opacity%3D%220%22%2F%3E%3C%2Fsvg%3E\" data-srcset=\"https:\/\/stnr.aps.pt\/sociologia-educacao\/wp-content\/uploads\/sites\/32\/2024\/08\/Semina\u0301rio-ST-Educac\u0327a\u0303o_cartaz-200x283.jpg 200w, https:\/\/stnr.aps.pt\/sociologia-educacao\/wp-content\/uploads\/sites\/32\/2024\/08\/Semina\u0301rio-ST-Educac\u0327a\u0303o_cartaz-212x300.jpg 212w, https:\/\/stnr.aps.pt\/sociologia-educacao\/wp-content\/uploads\/sites\/32\/2024\/08\/Semina\u0301rio-ST-Educac\u0327a\u0303o_cartaz-400x566.jpg 400w, https:\/\/stnr.aps.pt\/sociologia-educacao\/wp-content\/uploads\/sites\/32\/2024\/08\/Semina\u0301rio-ST-Educac\u0327a\u0303o_cartaz-600x849.jpg 600w, https:\/\/stnr.aps.pt\/sociologia-educacao\/wp-content\/uploads\/sites\/32\/2024\/08\/Semina\u0301rio-ST-Educac\u0327a\u0303o_cartaz-724x1024.jpg 724w, https:\/\/stnr.aps.pt\/sociologia-educacao\/wp-content\/uploads\/sites\/32\/2024\/08\/Semina\u0301rio-ST-Educac\u0327a\u0303o_cartaz-768x1086.jpg 768w, https:\/\/stnr.aps.pt\/sociologia-educacao\/wp-content\/uploads\/sites\/32\/2024\/08\/Semina\u0301rio-ST-Educac\u0327a\u0303o_cartaz-800x1132.jpg 800w, https:\/\/stnr.aps.pt\/sociologia-educacao\/wp-content\/uploads\/sites\/32\/2024\/08\/Semina\u0301rio-ST-Educac\u0327a\u0303o_cartaz-1086x1536.jpg 1086w, https:\/\/stnr.aps.pt\/sociologia-educacao\/wp-content\/uploads\/sites\/32\/2024\/08\/Semina\u0301rio-ST-Educac\u0327a\u0303o_cartaz-1200x1698.jpg 1200w, https:\/\/stnr.aps.pt\/sociologia-educacao\/wp-content\/uploads\/sites\/32\/2024\/08\/Semina\u0301rio-ST-Educac\u0327a\u0303o_cartaz-1320x1867.jpg 1320w, https:\/\/stnr.aps.pt\/sociologia-educacao\/wp-content\/uploads\/sites\/32\/2024\/08\/Semina\u0301rio-ST-Educac\u0327a\u0303o_cartaz-1448x2048.jpg 1448w, https:\/\/stnr.aps.pt\/sociologia-educacao\/wp-content\/uploads\/sites\/32\/2024\/08\/Semina\u0301rio-ST-Educac\u0327a\u0303o_cartaz.jpg 1587w\" data-sizes=\"auto\" data-orig-sizes=\"(max-width: 212px) 100vw, 212px\" \/><\/p>\n<\/div><\/div><\/div><div class=\"fusion-layout-column fusion_builder_column fusion-builder-column-2 fusion_builder_column_1_2 1_2 fusion-flex-column\" style=\"--awb-bg-size:cover;--awb-width-large:50%;--awb-margin-top-large:0px;--awb-spacing-right-large:3.84%;--awb-margin-bottom-large:20px;--awb-spacing-left-large:3.84%;--awb-width-medium:50%;--awb-order-medium:0;--awb-spacing-right-medium:3.84%;--awb-spacing-left-medium:3.84%;--awb-width-small:100%;--awb-order-small:0;--awb-spacing-right-small:1.92%;--awb-spacing-left-small:1.92%;\"><div class=\"fusion-column-wrapper fusion-column-has-shadow fusion-flex-justify-content-flex-start fusion-content-layout-column\"><div class=\"fusion-text fusion-text-3\"><p>Realizou-se no dia 29 de janeiro de 2024 o Semin\u00e1rio online <b>&#8220;A Sociologia na educa\u00e7\u00e3o: reflex\u00f5es sobre pr\u00e1ticas profissionais&#8221;<\/b>. O evento pretendeu discutir o\u00a0<b>papel da sociologia (da educa\u00e7\u00e3o)<\/b>\u00a0e as\u00a0<b>pr\u00e1ticas profissionais<\/b>\u00a0de soci\u00f3logos em\u00a0<b>contextos de trabalho e interven\u00e7\u00e3o s\u00f3cio-educativos diversos<\/b> com o contributo de colegas que t\u00eam desenvolvido os seus percursos em campos profissionais d\u00edspares como C\u00e2maras Municipais, Escolas, Organiza\u00e7\u00f5es da Economia Social e Solid\u00e1ria, Pris\u00f5es ou Administra\u00e7\u00e3o P\u00fablica. Contribu\u00edram ainda para esta discuss\u00e3o\u00a0 colegas que, no plano acad\u00e9mico, se t\u00eam destacado na \u00e1rea da Educa\u00e7\u00e3o e das Pr\u00e1ticas Profissionais em Sociologia.<\/p>\n<p style=\"text-align: center\"><img decoding=\"async\" class=\"lazyload an1\" style=\"text-align: center\" src=\"data:image\/svg+xml,%3Csvg%20xmlns%3D%27http%3A%2F%2Fwww.w3.org%2F2000%2Fsvg%27%20width%3D%2727%27%20height%3D%2727%27%20viewBox%3D%270%200%2027%2027%27%3E%3Crect%20width%3D%2727%27%20height%3D%2727%27%20fill-opacity%3D%220%22%2F%3E%3C%2Fsvg%3E\" data-orig-src=\"https:\/\/fonts.gstatic.com\/s\/e\/notoemoji\/15.0\/1f4c4\/72.png\" alt=\"\ud83d\udcc4\" width=\"27\" height=\"27\" data-emoji=\"\ud83d\udcc4\" aria-label=\"\ud83d\udcc4\" \/> <a style=\"text-align: center\" href=\"https:\/\/drive.google.com\/file\/\">Programa<\/a><span style=\"text-align: center\">\u00a0 \u00a0 \u00a0 \u00a0 <\/span><span style=\"text-align: center\">|\u00a0 \u00a0 \u00a0 \u00a0 <\/span><img decoding=\"async\" class=\"lazyload alignnone wp-image-797\" style=\"text-align: center\" src=\"https:\/\/stnr.aps.pt\/sociologia-educacao\/wp-content\/uploads\/sites\/32\/2024\/08\/download.png\" data-orig-src=\"https:\/\/stnr.aps.pt\/sociologia-educacao\/wp-content\/uploads\/sites\/32\/2024\/08\/download.png\" alt=\"\" width=\"30\" height=\"30\" srcset=\"data:image\/svg+xml,%3Csvg%20xmlns%3D%27http%3A%2F%2Fwww.w3.org%2F2000%2Fsvg%27%20width%3D%2730%27%20height%3D%2730%27%20viewBox%3D%270%200%2030%2030%27%3E%3Crect%20width%3D%2730%27%20height%3D%2730%27%20fill-opacity%3D%220%22%2F%3E%3C%2Fsvg%3E\" data-srcset=\"https:\/\/stnr.aps.pt\/sociologia-educacao\/wp-content\/uploads\/sites\/32\/2024\/08\/download-66x66.png 66w, https:\/\/stnr.aps.pt\/sociologia-educacao\/wp-content\/uploads\/sites\/32\/2024\/08\/download-150x150.png 150w, https:\/\/stnr.aps.pt\/sociologia-educacao\/wp-content\/uploads\/sites\/32\/2024\/08\/download-200x200.png 200w, https:\/\/stnr.aps.pt\/sociologia-educacao\/wp-content\/uploads\/sites\/32\/2024\/08\/download.png 225w\" data-sizes=\"auto\" data-orig-sizes=\"(max-width: 30px) 100vw, 30px\" \/> <a style=\"text-align: center\" href=\"https:\/\/youtu.be\/QIHwA3WEd-s\">V\u00eddeo<\/a><\/p>\n<\/div><\/div><\/div><\/div><\/div><div class=\"fusion-fullwidth fullwidth-box fusion-builder-row-3 fusion-flex-container nonhundred-percent-fullwidth non-hundred-percent-height-scrolling\" style=\"--awb-border-radius-top-left:0px;--awb-border-radius-top-right:0px;--awb-border-radius-bottom-right:0px;--awb-border-radius-bottom-left:0px;--awb-flex-wrap:wrap;\" ><div class=\"fusion-builder-row fusion-row fusion-flex-align-items-flex-start fusion-flex-content-wrap\" style=\"max-width:1144px;margin-left: calc(-4% \/ 2 );margin-right: calc(-4% \/ 2 );\"><div class=\"fusion-layout-column fusion_builder_column fusion-builder-column-3 fusion_builder_column_1_3 1_3 fusion-flex-column\" style=\"--awb-bg-size:cover;--awb-width-large:33.333333333333%;--awb-margin-top-large:0px;--awb-spacing-right-large:5.76%;--awb-margin-bottom-large:20px;--awb-spacing-left-large:5.76%;--awb-width-medium:33.333333333333%;--awb-order-medium:0;--awb-spacing-right-medium:5.76%;--awb-spacing-left-medium:5.76%;--awb-width-small:100%;--awb-order-small:0;--awb-spacing-right-small:1.92%;--awb-spacing-left-small:1.92%;\"><div class=\"fusion-column-wrapper fusion-column-has-shadow fusion-flex-justify-content-flex-start fusion-content-layout-column\"><\/div><\/div><div class=\"fusion-layout-column fusion_builder_column fusion-builder-column-4 fusion_builder_column_1_3 1_3 fusion-flex-column\" style=\"--awb-bg-size:cover;--awb-width-large:33.333333333333%;--awb-margin-top-large:0px;--awb-spacing-right-large:5.76%;--awb-margin-bottom-large:20px;--awb-spacing-left-large:5.76%;--awb-width-medium:33.333333333333%;--awb-order-medium:0;--awb-spacing-right-medium:5.76%;--awb-spacing-left-medium:5.76%;--awb-width-small:100%;--awb-order-small:0;--awb-spacing-right-small:1.92%;--awb-spacing-left-small:1.92%;\"><div class=\"fusion-column-wrapper fusion-column-has-shadow fusion-flex-justify-content-flex-start fusion-content-layout-column\"><\/div><\/div><div class=\"fusion-layout-column fusion_builder_column fusion-builder-column-5 fusion_builder_column_1_3 1_3 fusion-flex-column\" style=\"--awb-bg-size:cover;--awb-width-large:33.333333333333%;--awb-margin-top-large:0px;--awb-spacing-right-large:5.76%;--awb-margin-bottom-large:20px;--awb-spacing-left-large:5.76%;--awb-width-medium:33.333333333333%;--awb-order-medium:0;--awb-spacing-right-medium:5.76%;--awb-spacing-left-medium:5.76%;--awb-width-small:100%;--awb-order-small:0;--awb-spacing-right-small:1.92%;--awb-spacing-left-small:1.92%;\"><div class=\"fusion-column-wrapper fusion-column-has-shadow fusion-flex-justify-content-flex-start fusion-content-layout-column\"><\/div><\/div><\/div><\/div><\/p>\n","protected":false},"excerpt":{"rendered":"","protected":false},"author":4,"featured_media":0,"parent":0,"menu_order":0,"comment_status":"closed","ping_status":"closed","template":"","meta":{"footnotes":""},"class_list":["post-362","page","type-page","status-publish","hentry"],"_links":{"self":[{"href":"https:\/\/stnr.aps.pt\/sociologia-educacao\/wp-json\/wp\/v2\/pages\/362","targetHints":{"allow":["GET"]}}],"collection":[{"href":"https:\/\/stnr.aps.pt\/sociologia-educacao\/wp-json\/wp\/v2\/pages"}],"about":[{"href":"https:\/\/stnr.aps.pt\/sociologia-educacao\/wp-json\/wp\/v2\/types\/page"}],"author":[{"embeddable":true,"href":"https:\/\/stnr.aps.pt\/sociologia-educacao\/wp-json\/wp\/v2\/users\/4"}],"replies":[{"embeddable":true,"href":"https:\/\/stnr.aps.pt\/sociologia-educacao\/wp-json\/wp\/v2\/comments?post=362"}],"version-history":[{"count":6,"href":"https:\/\/stnr.aps.pt\/sociologia-educacao\/wp-json\/wp\/v2\/pages\/362\/revisions"}],"predecessor-version":[{"id":801,"href":"https:\/\/stnr.aps.pt\/sociologia-educacao\/wp-json\/wp\/v2\/pages\/362\/revisions\/801"}],"wp:attachment":[{"href":"https:\/\/stnr.aps.pt\/sociologia-educacao\/wp-json\/wp\/v2\/media?parent=362"}],"curies":[{"name":"wp","href":"https:\/\/api.w.org\/{rel}","templated":true}]}}