{"id":828,"date":"2022-10-17T17:25:49","date_gmt":"2022-10-17T17:25:49","guid":{"rendered":"https:\/\/stnr.aps.pt\/sceav\/?page_id=828"},"modified":"2023-03-23T19:08:48","modified_gmt":"2023-03-23T19:08:48","slug":"sceav-no-congresso-2023","status":"publish","type":"page","link":"https:\/\/stnr.aps.pt\/sceav\/sceav-no-congresso-2023\/","title":{"rendered":"SCEAV no Congresso 2023"},"content":{"rendered":"<p><strong><em><img decoding=\"async\" class=\"lazyload size-medium wp-image-829 alignleft\" src=\"https:\/\/stnr.aps.pt\/sceav\/wp-content\/uploads\/sites\/31\/2022\/10\/XII-Congresso-Portugues-de-Sociologia-Banner-2-800x400-1-300x150.jpg\" data-orig-src=\"https:\/\/stnr.aps.pt\/sceav\/wp-content\/uploads\/sites\/31\/2022\/10\/XII-Congresso-Portugues-de-Sociologia-Banner-2-800x400-1-300x150.jpg\" alt=\"\" width=\"300\" height=\"150\" srcset=\"data:image\/svg+xml,%3Csvg%20xmlns%3D%27http%3A%2F%2Fwww.w3.org%2F2000%2Fsvg%27%20width%3D%27300%27%20height%3D%27150%27%20viewBox%3D%270%200%20300%20150%27%3E%3Crect%20width%3D%27300%27%20height%3D%27150%27%20fill-opacity%3D%220%22%2F%3E%3C%2Fsvg%3E\" data-srcset=\"https:\/\/stnr.aps.pt\/sceav\/wp-content\/uploads\/sites\/31\/2022\/10\/XII-Congresso-Portugues-de-Sociologia-Banner-2-800x400-1-200x100.jpg 200w, https:\/\/stnr.aps.pt\/sceav\/wp-content\/uploads\/sites\/31\/2022\/10\/XII-Congresso-Portugues-de-Sociologia-Banner-2-800x400-1-300x150.jpg 300w, https:\/\/stnr.aps.pt\/sceav\/wp-content\/uploads\/sites\/31\/2022\/10\/XII-Congresso-Portugues-de-Sociologia-Banner-2-800x400-1-400x200.jpg 400w, https:\/\/stnr.aps.pt\/sceav\/wp-content\/uploads\/sites\/31\/2022\/10\/XII-Congresso-Portugues-de-Sociologia-Banner-2-800x400-1-540x272.jpg 540w, https:\/\/stnr.aps.pt\/sceav\/wp-content\/uploads\/sites\/31\/2022\/10\/XII-Congresso-Portugues-de-Sociologia-Banner-2-800x400-1-600x300.jpg 600w, https:\/\/stnr.aps.pt\/sceav\/wp-content\/uploads\/sites\/31\/2022\/10\/XII-Congresso-Portugues-de-Sociologia-Banner-2-800x400-1-768x384.jpg 768w, https:\/\/stnr.aps.pt\/sceav\/wp-content\/uploads\/sites\/31\/2022\/10\/XII-Congresso-Portugues-de-Sociologia-Banner-2-800x400-1.jpg 800w\" data-sizes=\"auto\" data-orig-sizes=\"(max-width: 300px) 100vw, 300px\" \/><\/em><\/strong><\/p>\n<p>&nbsp;<\/p>\n<h2><strong>Sess\u00f5es <\/strong><\/h2>\n<p>&nbsp;<\/p>\n<p>&nbsp;<\/p>\n<p>&nbsp;<\/p>\n<p><strong>Outras economias e parcerias intersectoriais<\/strong><br \/>\nApr, 05 09:00<br \/>\nFEUC<br \/>\nCristina Parente &#8211; Moderador\/a<\/p>\n<p><em>As outras economias e seu movimento pol\u00edtico no Brasil<\/em><br \/>\nAline Mendon\u00e7a Dos Santos &#8211; ECOSOL CES<\/p>\n<p><em>Consequ\u00eancias econ\u00f3micas e organizacionais da pandemia de Covid19 nas principais estruturas de Com\u00e9rcio Justo portuguesas<\/em><br \/>\nSandra Lima Coelho &#8211; Cat\u00f3lica Porto Business School \/ Universidade da Beira Interior<br \/>\nCl\u00e1udia Carvalho Amador &#8211; Cat\u00f3lica Porto Business School<\/p>\n<p><em>Parcerias Intersetoriais: Polissemia, rela\u00e7\u00f5es e contributos para a Inova\u00e7\u00e3o Social<\/em><br \/>\nThaysa Sonale Almeida Silva &#8211; FEUC\/CES &#8211; Universidade de Coimbra<\/p>\n<p><em>Solidarity Economy to enhance the nature-based solutions impacts: the case of Porto frontrunner city<\/em><br \/>\nRonize Cruz &#8211; Centro de Estudos Socias da Universidade de Coimbra<br \/>\nBeatriz Caitana &#8211; Centro de Estudos Socias da Universidade de Coimbra<\/p>\n<p>&nbsp;<\/p>\n<p><strong>Mobiliza\u00e7\u00e3o, solidariedades e voluntariado<\/strong><br \/>\nApr, 05 11:00<br \/>\nFEUC<br \/>\nS\u00edlvia Ferreira &#8211; Moderador\/a<\/p>\n<p><em>Experi\u00eancias de educa\u00e7\u00e3o popular no p\u00f3s-25 de Abril: o Centro de Estudos Educa\u00e7\u00e3o e Cultura (C.E.E.C., <\/em><em>Porto)<\/em><br \/>\nIn\u00eas Vieira &#8211; Op.Edu, CeiED, Universidade Lus\u00f3fona<\/p>\n<p><em>Formas de solidariedade e organiza\u00e7\u00e3o dos trabalhadores em Portugal. Entre a crise financeira e a pan<\/em><em>demia Covid-19.<\/em><br \/>\nIsabel Roque &#8211; Centro de Estudos Sociais, Universidade de Coimbra<br \/>\nRenato Miguel do Carmo &#8211; Centro de Investiga\u00e7\u00e3o e Estudos de Sociologia, CIES-Iscte<br \/>\nJorge Caleiras &#8211; Centro de Investiga\u00e7\u00e3o e Estudos de Sociologia, CIES-Iscte<br \/>\nRodrigo Vieira de Assis &#8211; Centro de Investiga\u00e7\u00e3o e Estudos de Sociologia, CIES-Iscte<\/p>\n<p><em>O voluntariado segundo Lesley Hustinx: a hibridez da generosidade<\/em><br \/>\nCatarina Silva Nunes &#8211; Centro de Estudos de Hist\u00f3ria Religiosa da Universidade Cat\u00f3lica Portuguesa<\/p>\n<p>&nbsp;<\/p>\n<p><strong>Mesa 3: Inova\u00e7\u00e3o social e solidariedades<\/strong><br \/>\nApr, 05 16:15<br \/>\nExclusivamente Online<br \/>\nRaquel Rego &#8211; Moderador\/a<\/p>\n<p><em>Doa\u00e7\u00f5es que (de)marcam: express\u00f5es de cuidado em contexto de ajuda alimentar<\/em><br \/>\nF\u00e1bio Rafael Augusto &#8211; Instituto de Ci\u00eancias Sociais, Universidade de Lisboa<\/p>\n<p><em>Desenvolvimento comunit\u00e1rio e sustent\u00e1vel: estrat\u00e9gias de inova\u00e7\u00e3o social no combate \u00e0 inseguran\u00e7a <\/em><em>alimentar<\/em><br \/>\nVal\u00e9ria Kabzas Cecchini &#8211; Pontif\u00edcia Universidade Cat\u00f3lica de S\u00e3o Paulo &#8211; PUC-SP<br \/>\nErika Costa da Silva &#8211; Pontif\u00edcia Universidade Cat\u00f3lica de S\u00e3o Paulo &#8211; PUC-SP<br \/>\nRoberto Sanches Padula &#8211; Pontif\u00edcia Universidade Cat\u00f3lica de S\u00e3o Paulo &#8211; PUC-SP<\/p>\n<p><em>Uma disputa pela hegemonia na Sa\u00fade brasileira: a Frente Nacional Contra a Privatiza\u00e7\u00e3o da Sa\u00fade &#8211;<\/em><br \/>\n<em>FNCPS<\/em><br \/>\nBruno Gon\u00e7alves Gavi\u00e3o &#8211; Universidade Federal de Santa Catarina<br \/>\nTania Regina Kruger &#8211; Universidade Federal de Santa Catarina<\/p>\n<p>&nbsp;<\/p>\n<p><strong>Mesa 4: Governa\u00e7\u00e3o e institui\u00e7\u00f5es<\/strong><br \/>\nApr, 06 11:00<br \/>\nFEUC<br \/>\nS\u00edlvia Ferreira &#8211; Moderador\/a<\/p>\n<p><em>Organiza\u00e7\u00f5es de Economia Social e empregabilidade das pessoas com defici\u00eancia e incapacidade: pr\u00e1ticas e contextos institucionais.<\/em><br \/>\nIn\u00e1cia Maria Isidro Esteves Patinha &#8211; Universidade de \u00c9vora &#8211; CICS NOVA<br \/>\nMaria da Saudade Baltazar &#8211; Universidade de \u00c9vora &#8211; CICS NOVA<\/p>\n<p><em>A Participa\u00e7\u00e3o nos Limites da Delibera\u00e7\u00e3o: Pessoas com Defici\u00eancia e os Conselhos Gestores<\/em><br \/>\nDenisson Gon\u00e7alves Chaves &#8211; Universidade Federal do Par\u00e1\/Centro de Estudos Sociais<\/p>\n<p><em>O olhar sociol\u00f3gico sobre a sociedade civil, economias alternativas e o voluntariado<\/em><br \/>\nS\u00edlvia Ferreira &#8211; Faculdade de Economia da Universidade de Coimbra\/Centro de Estudos Sociais<br \/>\nCristina Parente &#8211; Faculdade de Letras da Universidade do Porto\/Instituto de Sociologia<br \/>\nRaquel Rego &#8211; Instituto de Ci\u00eancias Sociais (ICS) da Universidade de Lisboa<\/p>\n<p><em>Panomara macro do Ecossistema Brasileiro de Inova\u00e7\u00e3o Social: A Estrat\u00e9gia Nacional (Enimpacto) e os programas de articula\u00e7\u00e3o de atores do Instituto de Cidadania Empresarial (ICE).<\/em><br \/>\nThaysa Sonale Almeida Silva &#8211; FEUC\/CES &#8211; Universidade de Coimbra<\/p>\n<p>&nbsp;<\/p>\n<p><strong>Mesa 5: Sociedade civil, pol\u00edtica e religi\u00e3o<\/strong><br \/>\nApr, 06 14:00<br \/>\nExclusivamente Online<br \/>\nRaquel Rego &#8211; Moderador\/a<\/p>\n<p><em>O anarquismo em Portugal: uma cultura de resist\u00eancia<\/em><br \/>\nLuisa Fernanda Salamanca Garnica &#8211; Universidade do Minho<\/p>\n<p><em>As associa\u00e7\u00f5es religiosas na hist\u00f3ria recente em Portugal: momentos cr\u00edticos, incentivos e repert\u00f3rios de atua\u00e7\u00e3o<\/em><br \/>\nLuana Taborda &#8211; CIES-ISCTE \/ UFSC-Brasil<\/p>\n<p>&nbsp;<\/p>\n<p>&nbsp;<\/p>\n<p><strong><em>Call<\/em><\/strong><strong> para a apresenta\u00e7\u00e3o de comunica\u00e7\u00f5es e\/ou posters<\/strong><\/p>\n<p><strong>Sec\u00e7\u00e3o Tem\u00e1tica: Sociedade Civil, Economias Alternativas, Voluntariado<\/strong><\/p>\n<p>&nbsp;<\/p>\n<p>As sociedades contempor\u00e2neas t\u00eam-se confrontado com uma sucess\u00e3o de crises globais, desde a crise financeira de 2007-8 \u00e0 pandemia COVID19, que aumentaram muito o grau de incerteza em que vivemos. O aumento da pobreza e da desigualdade social, as altera\u00e7\u00f5es clim\u00e1ticas, o avan\u00e7o da extrema direita e do populismo, a destrui\u00e7\u00e3o e sofrimento causados pela guerra, aparecem como um eco da Europa de meados do s\u00e9culo XX. \u00a0Estas crises remetem para preocupa\u00e7\u00f5es j\u00e1 antigas que Karl Polanyi expressou em <em>A Grande Transforma\u00e7\u00e3o<\/em>, em 1944. Reportava-se Polanyi aos movimentos de autoprote\u00e7\u00e3o das sociedades perante as consequ\u00eancias destrutivas do capitalismo liberal, quer nas formas progressistas de interven\u00e7\u00e3o do Estado e da sociedade civil, quer nos fen\u00f3menos regressivos de fascismo e autoritarismo.<\/p>\n<p>Nas democracias liberais, mobilizam-se os indiv\u00edduos de forma coletiva e mais ou menos organizada, fisicamente e atrav\u00e9s das redes sociais, respondendo a necessidades ou aspira\u00e7\u00f5es de mais justi\u00e7a social e n\u00e3o discrimina\u00e7\u00e3o, ou t\u00e3o s\u00f3 de mais qualidade de vida, com garantia de servi\u00e7os de sa\u00fade, seguran\u00e7a e cuidados, \u00a0em defesa de interesses comuns, de minorias e comunidades locais, fortalecendo la\u00e7os de perten\u00e7a e de solidariedade, frequentemente com uma componente de ajuda a popula\u00e7\u00f5es vulner\u00e1veis. \u00a0Nas \u00faltimas d\u00e9cadas do s\u00e9culo XXI, estrutura-se e institucionaliza-se um campo social e acad\u00e9mico genericamente descrito como situado entre o Estado e a economia mercantil e que tem, como uma das carater\u00edsticas principais, a fluidez das suas fronteiras. Esta fluidez exprime-se bem na pluralidade de designa\u00e7\u00f5es desse campo \u2013 economia social, economia solid\u00e1ria, terceiro sector, sociedade civil \u2013 e dos atores coletivos envolvidos: organiza\u00e7\u00f5es n\u00e3o governamentais, organiza\u00e7\u00f5es sem fins lucrativos, empresas sociais, empreendedores sociais, coletivos, grupos e iniciativas informais ou volunt\u00e1rias.<\/p>\n<p>Neste contexto de incerteza, torna-se mais importante do que nunca salientar o que \u00e9 o contributo da sociologia no que diz respeito ao conhecimento sobre organiza\u00e7\u00f5es, as pr\u00e1ticas e os discursos que povoam este campo. As abordagens sociol\u00f3gicas s\u00e3o caraterizadas pela sua aten\u00e7\u00e3o aos contextos, pr\u00e1ticas e representa\u00e7\u00f5es, assim como \u00e0s rela\u00e7\u00f5es e intera\u00e7\u00f5es. Questiona-se sobre os contextos de onde emergem, evoluem e sobre os quais atuam estas formas de organiza\u00e7\u00e3o coletiva e sobre como se relacionam com outras organiza\u00e7\u00f5es e institui\u00e7\u00f5es do seu campo ou de outros campos, que tipo de rela\u00e7\u00f5es sociais, econ\u00f3micas e pol\u00edticas estabelecem e medeiam. Ao faz\u00ea-lo, estas abordagens sociol\u00f3gicas colocam-se, frequentemente, em contraponto com outras de cariz exclusivamente individualista, utilitarista e mercantilista que promovem o desencastramento do mercado da sociedade e o dom\u00ednio da sociedade pela l\u00f3gica mercantil em contexto de capitalismo neoliberal.<\/p>\n<p>Neste sentido, a Sec\u00e7\u00e3o Tem\u00e1tica Sociedade Civil, Economias Alternativas, Voluntariado (ST SCEAV) apela a contribui\u00e7\u00f5es nas seguintes linhas tem\u00e1ticas:<\/p>\n<ol>\n<li>Economias social, solid\u00e1ria e popular: pr\u00e1ticas e contextos institucionais;<\/li>\n<li>Empresas sociais: pr\u00e1ticas, discursos e formas organizacionais;<\/li>\n<li>Terceiro sector, Estado-Provid\u00eancia e pol\u00edticas p\u00fablicas locais e nacionais;<\/li>\n<li>Empreendedorismo social, solid\u00e1rio e coletivo;<\/li>\n<li>Inova\u00e7\u00e3o social e impacto socioecon\u00f3mico e ambiental;<\/li>\n<li>Organiza\u00e7\u00f5es humanit\u00e1rias e novas e velhas formas de filantropia;<\/li>\n<li>A economia de proximidade, coletivos e a gest\u00e3o dos comuns;<\/li>\n<li>Ativismo, novos medias sociais e produ\u00e7\u00e3o\/consumo respons\u00e1vel;<\/li>\n<li>Sociedade civil, participa\u00e7\u00e3o e democracia;<\/li>\n<li>Cooperativismo e associativismo;<\/li>\n<li>Capital social, confian\u00e7a e participa\u00e7\u00e3o;<\/li>\n<li>A digitaliza\u00e7\u00e3o na economia social e solid\u00e1ria;<\/li>\n<li>Emprego, trabalho e voluntariado.<\/li>\n<\/ol>\n<p>devem ser formuladas de acordo com uma estrutura convencional, dando conta do debate te\u00f3rico em que se inscrevem, dos objetivos que perseguem, metodologia utilizada, resultados e discuss\u00e3o e ainda conclus\u00f5es.<\/p>\n<p><strong>\u00a0<\/strong><\/p>\n<p><strong>Informa\u00e7\u00f5es sobre a sec\u00e7\u00e3o: \u00a0<\/strong><a href=\"https:\/\/stnr.aps.pt\/sceav\/\"><strong>https:\/\/stnr.aps.pt\/sceav\/<\/strong><\/a><strong>\u00a0 <\/strong><\/p>\n<p><strong>Informa\u00e7\u00f5es sobre o congresso: <\/strong><a href=\"https:\/\/aps.pt\/pt\/xii-congresso-portugues-de-sociologia-2\/\"><strong>https:\/\/aps.pt\/pt\/xii-congresso-portugues-de-sociologia-2\/<\/strong><\/a><strong> \u00a0<\/strong><\/p>\n<p><strong>Submiss\u00e3o dos resumos em: <\/strong><a href=\"https:\/\/xii-congresso-aps.eventqualia.net\/pt\/2023\/inicio\/\"><strong>https:\/\/xii-congresso-aps.eventqualia.net\/pt\/2023\/inicio\/<\/strong><\/a><strong> \u00a0\u00a0<\/strong><\/p>\n<p><strong>Envio de resumos at\u00e9 7 de novembro de 2022<\/strong><\/p>\n<p><strong>Email de contato: <\/strong><a href=\"mailto:congresso-aps@eventqualia.net\"><strong>congresso-aps@eventqualia.net<\/strong><\/a><\/p>\n","protected":false},"excerpt":{"rendered":"<p>&nbsp; Sess\u00f5es &nbsp; &nbsp; &nbsp; Outras economias e parcerias intersectoriais Apr, 05 09:00 FEUC Cristina Parente &#8211; Moderador\/a As outras economias e seu movimento pol\u00edtico no Brasil Aline Mendon\u00e7a Dos Santos &#8211; ECOSOL CES Consequ\u00eancias econ\u00f3micas e organizacionais da pandemia de Covid19 nas principais estruturas de Com\u00e9rcio Justo portuguesas Sandra Lima Coelho &#8211; Cat\u00f3lica Porto <a href=\"https:\/\/stnr.aps.pt\/sceav\/sceav-no-congresso-2023\/\"> [&#8230;]<\/a><\/p>\n","protected":false},"author":17,"featured_media":0,"parent":0,"menu_order":0,"comment_status":"closed","ping_status":"closed","template":"","meta":{"footnotes":""},"class_list":["post-828","page","type-page","status-publish","hentry"],"_links":{"self":[{"href":"https:\/\/stnr.aps.pt\/sceav\/wp-json\/wp\/v2\/pages\/828","targetHints":{"allow":["GET"]}}],"collection":[{"href":"https:\/\/stnr.aps.pt\/sceav\/wp-json\/wp\/v2\/pages"}],"about":[{"href":"https:\/\/stnr.aps.pt\/sceav\/wp-json\/wp\/v2\/types\/page"}],"author":[{"embeddable":true,"href":"https:\/\/stnr.aps.pt\/sceav\/wp-json\/wp\/v2\/users\/17"}],"replies":[{"embeddable":true,"href":"https:\/\/stnr.aps.pt\/sceav\/wp-json\/wp\/v2\/comments?post=828"}],"version-history":[{"count":3,"href":"https:\/\/stnr.aps.pt\/sceav\/wp-json\/wp\/v2\/pages\/828\/revisions"}],"predecessor-version":[{"id":837,"href":"https:\/\/stnr.aps.pt\/sceav\/wp-json\/wp\/v2\/pages\/828\/revisions\/837"}],"wp:attachment":[{"href":"https:\/\/stnr.aps.pt\/sceav\/wp-json\/wp\/v2\/media?parent=828"}],"curies":[{"name":"wp","href":"https:\/\/api.w.org\/{rel}","templated":true}]}}