{"id":514,"date":"2021-11-29T16:14:46","date_gmt":"2021-11-29T16:14:46","guid":{"rendered":"https:\/\/stnr.aps.pt\/sceav\/?page_id=514"},"modified":"2022-07-12T15:39:32","modified_gmt":"2022-07-12T15:39:32","slug":"encontro-2-da-seccao-tematica","status":"publish","type":"page","link":"https:\/\/stnr.aps.pt\/sceav\/encontro-2-da-seccao-tematica\/","title":{"rendered":"SCEAV no Congresso 2020"},"content":{"rendered":"<p><strong>Sess\u00e3o Semi-Plen\u00e1ria (31 de mar\u00e7o | 11:00-13:00)<\/strong><\/p>\n<p>Organiza\u00e7\u00e3o das ST Sociedade Civil, Economias Alternativas, Voluntariado | Sociologia do Direito e da Justi\u00e7a \u2013 ST Globaliza\u00e7\u00e3o, Pol\u00edtica e Cidadania<\/p>\n<p><strong>Cidadania na constru\u00e7\u00e3o de identidades plurais<\/strong><\/p>\n<p>Isabelle Hillenkamp [Institut de Recherche pour le D\u00e9veloppement]<\/p>\n<p>Amparo Ruiz-Tagle [Associa\u00e7\u00e3o de Chilenos em Portugal]<\/p>\n<p>Modera\u00e7\u00e3o: Pierre Guibentif [DIN\u00c2MIA\u2019CET-Iscte]<\/p>\n<p>Descri\u00e7\u00e3o<\/p>\n<p>Atrav\u00e9s de uma interven\u00e7\u00e3o inicial, quer da academia quer do ativismo, debateremos o conceito de cidadania hoje. Num tempo marcado por populismos, nacionalismos, persistem formas de ativismo e interven\u00e7\u00e3o social alternativas, promotoras de inclus\u00e3o e justi\u00e7a social. Os indiv\u00edduos isolados\u00a0 s\u00e3o comprovadamente demasiado fr\u00e1geis. As organiza\u00e7\u00f5es da sociedade civil, nas suas diferentes formas e modalidades, t\u00eam como objetivo intervir em representa\u00e7\u00e3o de grupos, em defesa de interesses comuns, nas mais diversas \u00e1reas de direitos, nomeadamente atrav\u00e9s de formas econ\u00f3mica alternativas e n\u00e3o raras vezes complementares \u00e0s estruturas mercantis e estatais capitalistas. Procuram, nomeadamente nas suas rela\u00e7\u00f5es com o Estado e o mercado, ultrapassar algumas destas vulnerabilidades e construir espa\u00e7os de identidade, propondo alternativas de integra\u00e7\u00e3o social, lidando com conflitos internos das minorias,\u00a0 com interesses e influ\u00eancias que se v\u00e3o criando, bem como com os constrangimentos de sociedades globais enquistadas de desigualdades e pobreza.<\/p>\n<p><img decoding=\"async\" class=\"lazyload alignnone size-full wp-image-689\" src=\"https:\/\/stnr.aps.pt\/sceav\/wp-content\/uploads\/sites\/31\/2022\/07\/identidades5.jpg\" data-orig-src=\"https:\/\/stnr.aps.pt\/sceav\/wp-content\/uploads\/sites\/31\/2022\/07\/identidades5.jpg\" alt=\"\" width=\"1657\" height=\"887\" srcset=\"data:image\/svg+xml,%3Csvg%20xmlns%3D%27http%3A%2F%2Fwww.w3.org%2F2000%2Fsvg%27%20width%3D%271657%27%20height%3D%27887%27%20viewBox%3D%270%200%201657%20887%27%3E%3Crect%20width%3D%271657%27%20height%3D%27887%27%20fill-opacity%3D%220%22%2F%3E%3C%2Fsvg%3E\" data-srcset=\"https:\/\/stnr.aps.pt\/sceav\/wp-content\/uploads\/sites\/31\/2022\/07\/identidades5-200x107.jpg 200w, https:\/\/stnr.aps.pt\/sceav\/wp-content\/uploads\/sites\/31\/2022\/07\/identidades5-300x161.jpg 300w, https:\/\/stnr.aps.pt\/sceav\/wp-content\/uploads\/sites\/31\/2022\/07\/identidades5-400x214.jpg 400w, https:\/\/stnr.aps.pt\/sceav\/wp-content\/uploads\/sites\/31\/2022\/07\/identidades5-600x321.jpg 600w, https:\/\/stnr.aps.pt\/sceav\/wp-content\/uploads\/sites\/31\/2022\/07\/identidades5-768x411.jpg 768w, https:\/\/stnr.aps.pt\/sceav\/wp-content\/uploads\/sites\/31\/2022\/07\/identidades5-800x428.jpg 800w, https:\/\/stnr.aps.pt\/sceav\/wp-content\/uploads\/sites\/31\/2022\/07\/identidades5-1024x548.jpg 1024w, https:\/\/stnr.aps.pt\/sceav\/wp-content\/uploads\/sites\/31\/2022\/07\/identidades5-1200x642.jpg 1200w, https:\/\/stnr.aps.pt\/sceav\/wp-content\/uploads\/sites\/31\/2022\/07\/identidades5-1320x707.jpg 1320w, https:\/\/stnr.aps.pt\/sceav\/wp-content\/uploads\/sites\/31\/2022\/07\/identidades5-1536x822.jpg 1536w, https:\/\/stnr.aps.pt\/sceav\/wp-content\/uploads\/sites\/31\/2022\/07\/identidades5.jpg 1657w\" data-sizes=\"auto\" data-orig-sizes=\"(max-width: 1657px) 100vw, 1657px\" \/><\/p>\n<p>&nbsp;<\/p>\n<h3>Chamada de comunica\u00e7\u00f5es para sess\u00f5es tem\u00e1ticas<\/h3>\n<p>S\u00e3o m\u00faltiplos os termos e express\u00f5es que podemos usar para designar fen\u00f3menos sociais que estruturam a sociedade portuguesa em particular e as sociedades contempor\u00e2neas de forma geral no que diz respeito a formas organizadas da sociedade civil. Organiza\u00e7\u00f5es n\u00e3o-governamentais, organiza\u00e7\u00f5es sem fins lucrativos, terceiro setor, economia social, economia solid\u00e1ria, economia popular e microempreendedorismo, empresas sociais, empreendedorismo social e coletivo, setor volunt\u00e1rio, militantes, ativistas, movimentos sociais, participa\u00e7\u00e3o c\u00edvica\u2026 As possibilidades s\u00e3o in\u00fameras para designar o envolvimento dos indiv\u00edduos em sociedade, frequentemente de forma coletiva e mais ou menos organizada, com o intuito de produzir bens e servi\u00e7os, respondendo a necessidades ou aspira\u00e7\u00f5es, intervindo em representa\u00e7\u00e3o dos seus membros, em defesa de interesses comuns, ou tecendo e fortalecendo la\u00e7os de perten\u00e7a e de solidariedade.<\/p>\n<p>Nos \u00faltimos 40 anos esta \u00e1rea tem vindo a afirmar-se, refletindo as tend\u00eancias das transforma\u00e7\u00f5es sociais quer ao n\u00edvel da auto-organiza\u00e7\u00e3o da sociedade e das pol\u00edticas p\u00fablicas, quer ao n\u00edvel do seu estudo, traduzindo-se no aumento de investiga\u00e7\u00e3o, publica\u00e7\u00f5es e associa\u00e7\u00f5es multidisciplinares.<\/p>\n<p>O enfoque nestes conceitos atravessa fronteiras disciplinares, mas este objeto de estudo \u00e9 tratado tamb\u00e9m em v\u00e1rios ramos da sociologia, sendo indubit\u00e1vel que a sociologia tem uma abordagem particular.<\/p>\n<p>Neste sentido, a SCEAV apela a contribui\u00e7\u00f5es nas seguintes linhas tem\u00e1ticas:<\/p>\n<ol>\n<li>Economias social, solid\u00e1ria e popular, suas pr\u00e1ticas e enquadramentos legais;<\/li>\n<li>Empresas sociais, seus ecossistemas e contextos institucionais;<\/li>\n<li>Institui\u00e7\u00f5es de solidariedade social, redistribui\u00e7\u00e3o e pol\u00edticas sociais;<\/li>\n<li>Empreendedorismo social, solid\u00e1rio e coletivo;<\/li>\n<li>Inova\u00e7\u00e3o social, nomeadamente perante as crises;<\/li>\n<li>Identidade, solidariedade e capital social;<\/li>\n<li>Novas e velhas formas de filantropia;<\/li>\n<li>Novos movimentos socioecon\u00f3micos, pol\u00edticos e culturais;<\/li>\n<li>Economia de proximidade, soberania alimentar e moedas locais\/sociais;<\/li>\n<li>Sociedade civil, voluntariado e participa\u00e7\u00e3o social;<\/li>\n<li>Bens comuns e autogest\u00e3o<\/li>\n<\/ol>\n<h3>Programa das sess\u00f5es tem\u00e1ticas (30 de mar\u00e7o)<\/h3>\n<p><strong>Mesa 1 &#8211; Economia solid\u00e1ria, microcr\u00e9dito e bens comuns \u2013 \u00a009:00\u201310:30<\/strong><\/p>\n<p><strong>Modera\u00e7\u00e3o &#8211; Cristina Parente<\/strong><\/p>\n<p><em>Economias alternativas: o caso de uma Rede de economia solid\u00e1ria no Nordeste brasileiro<\/em><\/p>\n<p>Janainna Edwiges de Oliveira Pereira &#8211; ICS \u2013 Ulisboa<\/p>\n<p><em>A Experi\u00eancia da implanta\u00e7\u00e3o de Grupos Solid\u00e1rios para Concess\u00e3o de Microcr\u00e9dito no Banco do Povo Cr\u00e9dito Solid\u00e1rio<\/em><\/p>\n<p>Luiz Silv\u00e9rio Silva &#8211; Banco do Povo Cr\u00e9dito Solid\u00e1rio &#8211; Santo Andr\u00e9 &#8211; SP &#8211; Brasil &#8211;<\/p>\n<p>Luiz Roberto Alves &#8211; Escola de Comunica\u00e7\u00e3o e Artes &#8211; USP &#8211; S\u00e3o Paulo &#8211; Brasil &#8211;<\/p>\n<p>Marco Aur\u00e9lio Bernardes &#8211; Universidade Metodista de S\u00e3o Paulo &#8211; S\u00e3o Bernardo C. SP \u2013 Brasil<\/p>\n<p><em>Moedas Locais: reflex\u00f5es sobre tr\u00eas casos em Portugal \u00a0<\/em><\/p>\n<p>Sandra Lima Coelho &#8211; Cat\u00f3lica Porto Business School \/ Instituto de Sociologia da Faculdade de Letras da Universidade do Porto<\/p>\n<p><em>Empreendedorismo social como alternativa \u00e0 diminui\u00e7\u00e3o da pobreza e da desigualdade na sociedade contempor\u00e2nea: um estudo de caso no contexto brasileiro<\/em><\/p>\n<p>Eliane Ribeiro Pereira &#8211; Universidade Federal do Rio de Janeiro, Brasil<\/p>\n<p>Jos\u00e9 Paulo Cosenza &#8211; PPGAd-UFF, Brasil<\/p>\n<p><strong>MESA 2 &#8211; Sociedade civil, associativismo, voluntariado &#8211; 14:30\u201316:00<\/strong><\/p>\n<p><strong>Modera\u00e7\u00e3o \u2013 Raquel Rego<\/strong><\/p>\n<p><em>Do fim do trabalho ao trabalho em comum: uma an\u00e1lise comparativo-tipol\u00f3gica dos motivos para a utiliza\u00e7\u00e3o e cria\u00e7\u00e3o de bens comuns<\/em><\/p>\n<p>Jo\u00e3o Braga Lopes &#8211; ISCTE<\/p>\n<p><em>Quando o benefici\u00e1rio se torna tamb\u00e9m volunt\u00e1rio: din\u00e2micas em torno da ado\u00e7\u00e3o de diferentes pap\u00e9is sociais<\/em><\/p>\n<p>F\u00e1bio Rafael Augusto &#8211; Instituto de Ci\u00eancias Sociais, Universidade de Lisboa<\/p>\n<p><em>Feminismos em luta e na luta contra o tr\u00e1fico. A experi\u00eancia portuguesa<\/em><\/p>\n<p>Mara Clemente &#8211; CIES\/ISCTE-IUL<\/p>\n<p><em>O papel transformador das organiza\u00e7\u00f5es culturais dos Anjos<\/em><\/p>\n<p>Raquel Rego &#8211; ICS-ULisboa<\/p>\n<p>Vera Borges &#8211; CIES\/ISCTE-IUL<\/p>\n<p><em>O Nascimento como terreno de ativismo em Portugal e na Europa: paradigmas, atores e modos de a\u00e7\u00e3o.<\/em><\/p>\n<p>Dulce Morgado Neves<\/p>\n<p><strong>Mesa 3 &#8211; Terceiro sector, empresas sociais e inova\u00e7\u00e3o social &#8211; <\/strong><strong>1<\/strong><strong>6<\/strong><strong>:<\/strong><strong>30-18:00<\/strong><\/p>\n<p><strong>Modera\u00e7\u00e3o \u2013 S\u00edlvia Ferreira<\/strong><\/p>\n<p><em>O que s\u00e3o empresas sociais em Portugal? Abordagem multidimensional das organiza\u00e7\u00f5es nas suas\u00a0 trajet\u00f3rias e contextos institucionais.<\/em><\/p>\n<p>S\u00edlvia Ferreira\u00a0 &#8211; Universidade de Coimbra<\/p>\n<p>Michela Giovannini &#8211; Centro de Estudos Sociais<\/p>\n<p>Pedro Fidalgo &#8211; Centro de Estudos Sociais<\/p>\n<p><em>Non-Governmental Organisations and Innovation for Development: following the trends or a path towards greater global justice? <\/em><em>A survey proposal<\/em><\/p>\n<p>Ana Luisa Silva &#8211; Centro de Estudos sobre Africa e Desenvolvimento, ISEG &#8211; ULisboa<\/p>\n<p><em>O Capital Social de um territ\u00f3rio<\/em><\/p>\n<p>Sara Teiga &#8211; ISCTE &#8211; IUL \/ CIES<\/p>\n<p><em>Articula\u00e7\u00e3o colaborativa e a expans\u00e3o das liberdades: Desenvolvimento social no contexto da Agenda 2030.<\/em><\/p>\n<p>Thaysa Sonale Almeida Silva &#8211; Faculdade de Economia &#8211; Universidade de Coimbra<\/p>\n<p><img decoding=\"async\" class=\"lazyload alignnone size-full wp-image-690\" src=\"https:\/\/stnr.aps.pt\/sceav\/wp-content\/uploads\/sites\/31\/2022\/07\/sessao.jpg\" data-orig-src=\"https:\/\/stnr.aps.pt\/sceav\/wp-content\/uploads\/sites\/31\/2022\/07\/sessao.jpg\" alt=\"\" width=\"1232\" height=\"889\" srcset=\"data:image\/svg+xml,%3Csvg%20xmlns%3D%27http%3A%2F%2Fwww.w3.org%2F2000%2Fsvg%27%20width%3D%271232%27%20height%3D%27889%27%20viewBox%3D%270%200%201232%20889%27%3E%3Crect%20width%3D%271232%27%20height%3D%27889%27%20fill-opacity%3D%220%22%2F%3E%3C%2Fsvg%3E\" data-srcset=\"https:\/\/stnr.aps.pt\/sceav\/wp-content\/uploads\/sites\/31\/2022\/07\/sessao-200x144.jpg 200w, https:\/\/stnr.aps.pt\/sceav\/wp-content\/uploads\/sites\/31\/2022\/07\/sessao-300x216.jpg 300w, https:\/\/stnr.aps.pt\/sceav\/wp-content\/uploads\/sites\/31\/2022\/07\/sessao-400x289.jpg 400w, https:\/\/stnr.aps.pt\/sceav\/wp-content\/uploads\/sites\/31\/2022\/07\/sessao-600x433.jpg 600w, https:\/\/stnr.aps.pt\/sceav\/wp-content\/uploads\/sites\/31\/2022\/07\/sessao-768x554.jpg 768w, https:\/\/stnr.aps.pt\/sceav\/wp-content\/uploads\/sites\/31\/2022\/07\/sessao-800x577.jpg 800w, https:\/\/stnr.aps.pt\/sceav\/wp-content\/uploads\/sites\/31\/2022\/07\/sessao-1024x739.jpg 1024w, https:\/\/stnr.aps.pt\/sceav\/wp-content\/uploads\/sites\/31\/2022\/07\/sessao-1200x866.jpg 1200w, https:\/\/stnr.aps.pt\/sceav\/wp-content\/uploads\/sites\/31\/2022\/07\/sessao.jpg 1232w\" data-sizes=\"auto\" data-orig-sizes=\"(max-width: 1232px) 100vw, 1232px\" \/><\/p>\n<p>&nbsp;<\/p>\n","protected":false},"excerpt":{"rendered":"<p>Sess\u00e3o Semi-Plen\u00e1ria (31 de mar\u00e7o | 11:00-13:00) Organiza\u00e7\u00e3o das ST Sociedade Civil, Economias Alternativas, Voluntariado | Sociologia do Direito e da Justi\u00e7a \u2013 ST Globaliza\u00e7\u00e3o, Pol\u00edtica e Cidadania Cidadania na constru\u00e7\u00e3o de identidades plurais Isabelle Hillenkamp [Institut de Recherche pour le D\u00e9veloppement] Amparo Ruiz-Tagle [Associa\u00e7\u00e3o de Chilenos em Portugal] Modera\u00e7\u00e3o: Pierre Guibentif [DIN\u00c2MIA\u2019CET-Iscte] Descri\u00e7\u00e3o Atrav\u00e9s <a href=\"https:\/\/stnr.aps.pt\/sceav\/encontro-2-da-seccao-tematica\/\"> [&#8230;]<\/a><\/p>\n","protected":false},"author":4,"featured_media":0,"parent":0,"menu_order":0,"comment_status":"closed","ping_status":"closed","template":"","meta":{"footnotes":""},"class_list":["post-514","page","type-page","status-publish","hentry"],"_links":{"self":[{"href":"https:\/\/stnr.aps.pt\/sceav\/wp-json\/wp\/v2\/pages\/514","targetHints":{"allow":["GET"]}}],"collection":[{"href":"https:\/\/stnr.aps.pt\/sceav\/wp-json\/wp\/v2\/pages"}],"about":[{"href":"https:\/\/stnr.aps.pt\/sceav\/wp-json\/wp\/v2\/types\/page"}],"author":[{"embeddable":true,"href":"https:\/\/stnr.aps.pt\/sceav\/wp-json\/wp\/v2\/users\/4"}],"replies":[{"embeddable":true,"href":"https:\/\/stnr.aps.pt\/sceav\/wp-json\/wp\/v2\/comments?post=514"}],"version-history":[{"count":5,"href":"https:\/\/stnr.aps.pt\/sceav\/wp-json\/wp\/v2\/pages\/514\/revisions"}],"predecessor-version":[{"id":691,"href":"https:\/\/stnr.aps.pt\/sceav\/wp-json\/wp\/v2\/pages\/514\/revisions\/691"}],"wp:attachment":[{"href":"https:\/\/stnr.aps.pt\/sceav\/wp-json\/wp\/v2\/media?parent=514"}],"curies":[{"name":"wp","href":"https:\/\/api.w.org\/{rel}","templated":true}]}}