{"id":18,"date":"2020-09-16T09:13:00","date_gmt":"2020-09-16T09:13:00","guid":{"rendered":"https:\/\/stnr.aps.pt\/pobreza-exclusao-politicas-sociais\/?page_id=18"},"modified":"2025-02-10T14:39:59","modified_gmt":"2025-02-10T14:39:59","slug":"inicio","status":"publish","type":"page","link":"https:\/\/stnr.aps.pt\/pobreza-exclusao-politicas-sociais\/","title":{"rendered":"in\u00edcio"},"content":{"rendered":"<p><div class=\"fusion-fullwidth fullwidth-box fusion-builder-row-1 fusion-flex-container nonhundred-percent-fullwidth non-hundred-percent-height-scrolling\" style=\"--awb-border-radius-top-left:0px;--awb-border-radius-top-right:0px;--awb-border-radius-bottom-right:0px;--awb-border-radius-bottom-left:0px;--awb-flex-wrap:wrap;\" ><div class=\"fusion-builder-row fusion-row fusion-flex-align-items-center fusion-flex-align-content-center fusion-flex-justify-content-space-evenly fusion-flex-content-wrap\" style=\"max-width:1144px;margin-left: calc(-4% \/ 2 );margin-right: calc(-4% \/ 2 );\"><div class=\"fusion-layout-column fusion_builder_column fusion-builder-column-0 fusion_builder_column_1_1 1_1 fusion-flex-column fusion-flex-align-self-flex-end\" style=\"--awb-bg-size:cover;--awb-width-large:100%;--awb-margin-top-large:0%;--awb-spacing-right-large:1.92%;--awb-margin-bottom-large:0px;--awb-spacing-left-large:1.92%;--awb-width-medium:100%;--awb-order-medium:0;--awb-spacing-right-medium:1.92%;--awb-spacing-left-medium:1.92%;--awb-width-small:100%;--awb-order-small:0;--awb-spacing-right-small:1.92%;--awb-spacing-left-small:1.92%;\"><div class=\"fusion-column-wrapper fusion-column-has-shadow fusion-flex-justify-content-center fusion-content-layout-column\"><\/div><\/div><div class=\"fusion-layout-column fusion_builder_column fusion-builder-column-1 fusion_builder_column_1_2 1_2 fusion-flex-column\" style=\"--awb-bg-size:cover;--awb-width-large:50%;--awb-margin-top-large:0px;--awb-spacing-right-large:3.84%;--awb-margin-bottom-large:20px;--awb-spacing-left-large:3.84%;--awb-width-medium:50%;--awb-order-medium:0;--awb-spacing-right-medium:3.84%;--awb-spacing-left-medium:3.84%;--awb-width-small:100%;--awb-order-small:0;--awb-spacing-right-small:1.92%;--awb-spacing-left-small:1.92%;\"><div class=\"fusion-column-wrapper fusion-column-has-shadow fusion-flex-justify-content-flex-start fusion-content-layout-column\"><div class=\"awb-gallery-wrapper awb-gallery-wrapper-1 button-span-no\"><div style=\"margin:-5px;--awb-bordersize:0px;\" class=\"fusion-gallery fusion-gallery-container fusion-grid-2 fusion-columns-total-6 fusion-gallery-layout-grid fusion-gallery-1\"><div style=\"padding:5px;\" class=\"fusion-grid-column fusion-gallery-column fusion-gallery-column-2 hover-type-none\"><div class=\"fusion-gallery-image\"><a href=\"https:\/\/stnr.aps.pt\/pobreza-exclusao-politicas-sociais\/atividades-organizadas-pela-st-nr\/coloquios\/coloquio-pobreza-exclusao-social-e-politicas-publicas-tendencias-e-respostas-numa-perspetiva-de-curso-de-vida-8-11-2024\/\" rel=\"noreferrer\" data-rel=\"iLightbox[gallery_image_1]\" class=\"fusion-lightbox\" target=\"_self\"><img decoding=\"async\" src=\"https:\/\/stnr.aps.pt\/pobreza-exclusao-politicas-sociais\/wp-content\/uploads\/sites\/28\/2024\/10\/Cartaz_Coloquio_8nov-1.jpg\" data-orig-src=\"https:\/\/stnr.aps.pt\/pobreza-exclusao-politicas-sociais\/wp-content\/uploads\/sites\/28\/2024\/10\/Cartaz_Coloquio_8nov-1.jpg\" width=\"1414\" height=\"2000\" alt=\"\" title=\"Cartaz_Col\u00f3quio_8nov\" aria-label=\"Cartaz_Col\u00f3quio_8nov\" class=\"lazyload img-responsive wp-image-891\" srcset=\"data:image\/svg+xml,%3Csvg%20xmlns%3D%27http%3A%2F%2Fwww.w3.org%2F2000%2Fsvg%27%20width%3D%271414%27%20height%3D%272000%27%20viewBox%3D%270%200%201414%202000%27%3E%3Crect%20width%3D%271414%27%20height%3D%272000%27%20fill-opacity%3D%220%22%2F%3E%3C%2Fsvg%3E\" data-srcset=\"https:\/\/stnr.aps.pt\/pobreza-exclusao-politicas-sociais\/wp-content\/uploads\/sites\/28\/2024\/10\/Cartaz_Coloquio_8nov-1-200x283.jpg 200w, https:\/\/stnr.aps.pt\/pobreza-exclusao-politicas-sociais\/wp-content\/uploads\/sites\/28\/2024\/10\/Cartaz_Coloquio_8nov-1-400x566.jpg 400w, https:\/\/stnr.aps.pt\/pobreza-exclusao-politicas-sociais\/wp-content\/uploads\/sites\/28\/2024\/10\/Cartaz_Coloquio_8nov-1-600x849.jpg 600w, https:\/\/stnr.aps.pt\/pobreza-exclusao-politicas-sociais\/wp-content\/uploads\/sites\/28\/2024\/10\/Cartaz_Coloquio_8nov-1-800x1132.jpg 800w, https:\/\/stnr.aps.pt\/pobreza-exclusao-politicas-sociais\/wp-content\/uploads\/sites\/28\/2024\/10\/Cartaz_Coloquio_8nov-1-1200x1697.jpg 1200w, https:\/\/stnr.aps.pt\/pobreza-exclusao-politicas-sociais\/wp-content\/uploads\/sites\/28\/2024\/10\/Cartaz_Coloquio_8nov-1.jpg 1414w\" data-sizes=\"auto\" data-orig-sizes=\"(min-width: 2200px) 100vw, (min-width: 712px) 548px, (min-width: 640px) 712px, \" \/><\/a><\/div><\/div><div style=\"padding:5px;\" class=\"fusion-grid-column fusion-gallery-column fusion-gallery-column-2 hover-type-none\"><div class=\"fusion-gallery-image\"><a href=\"https:\/\/pobreza72.wixsite.com\/coloquiopobreza2019\" rel=\"noreferrer\" data-rel=\"iLightbox[gallery_image_1]\" class=\"fusion-lightbox\" target=\"_self\"><img decoding=\"async\" src=\"https:\/\/stnr.aps.pt\/pobreza-exclusao-politicas-sociais\/wp-content\/uploads\/sites\/28\/2024\/02\/cartaz_coloquio_pobreza_2019.jpg\" data-orig-src=\"https:\/\/stnr.aps.pt\/pobreza-exclusao-politicas-sociais\/wp-content\/uploads\/sites\/28\/2024\/02\/cartaz_coloquio_pobreza_2019.jpg\" width=\"530\" height=\"380\" alt=\"\" title=\"cartaz_coloquio_pobreza_2019\" aria-label=\"cartaz_coloquio_pobreza_2019\" class=\"lazyload img-responsive wp-image-836\" srcset=\"data:image\/svg+xml,%3Csvg%20xmlns%3D%27http%3A%2F%2Fwww.w3.org%2F2000%2Fsvg%27%20width%3D%27530%27%20height%3D%27380%27%20viewBox%3D%270%200%20530%20380%27%3E%3Crect%20width%3D%27530%27%20height%3D%27380%27%20fill-opacity%3D%220%22%2F%3E%3C%2Fsvg%3E\" data-srcset=\"https:\/\/stnr.aps.pt\/pobreza-exclusao-politicas-sociais\/wp-content\/uploads\/sites\/28\/2024\/02\/cartaz_coloquio_pobreza_2019-200x143.jpg 200w, https:\/\/stnr.aps.pt\/pobreza-exclusao-politicas-sociais\/wp-content\/uploads\/sites\/28\/2024\/02\/cartaz_coloquio_pobreza_2019-400x287.jpg 400w, https:\/\/stnr.aps.pt\/pobreza-exclusao-politicas-sociais\/wp-content\/uploads\/sites\/28\/2024\/02\/cartaz_coloquio_pobreza_2019.jpg 530w\" data-sizes=\"auto\" data-orig-sizes=\"(min-width: 2200px) 100vw, (min-width: 712px) 548px, (min-width: 640px) 712px, \" \/><\/a><\/div><\/div><div class=\"clearfix\"><\/div><div style=\"padding:5px;\" class=\"fusion-grid-column fusion-gallery-column fusion-gallery-column-2 hover-type-none\"><div class=\"fusion-gallery-image\"><a href=\"https:\/\/coloquiopobreza2015.wordpress.com\/\" rel=\"noreferrer\" data-rel=\"iLightbox[gallery_image_1]\" class=\"fusion-lightbox\" target=\"_self\"><img decoding=\"async\" src=\"https:\/\/stnr.aps.pt\/pobreza-exclusao-politicas-sociais\/wp-content\/uploads\/sites\/28\/2024\/02\/Cartaz_coloquio_Pobreza_2015_final_A.png\" data-orig-src=\"https:\/\/stnr.aps.pt\/pobreza-exclusao-politicas-sociais\/wp-content\/uploads\/sites\/28\/2024\/02\/Cartaz_coloquio_Pobreza_2015_final_A.png\" width=\"372\" height=\"524\" alt=\"\" title=\"Cartaz_coloquio_Pobreza_2015_final_A\" aria-label=\"Cartaz_coloquio_Pobreza_2015_final_A\" class=\"lazyload img-responsive wp-image-835\" srcset=\"data:image\/svg+xml,%3Csvg%20xmlns%3D%27http%3A%2F%2Fwww.w3.org%2F2000%2Fsvg%27%20width%3D%27372%27%20height%3D%27524%27%20viewBox%3D%270%200%20372%20524%27%3E%3Crect%20width%3D%27372%27%20height%3D%27524%27%20fill-opacity%3D%220%22%2F%3E%3C%2Fsvg%3E\" data-srcset=\"https:\/\/stnr.aps.pt\/pobreza-exclusao-politicas-sociais\/wp-content\/uploads\/sites\/28\/2024\/02\/Cartaz_coloquio_Pobreza_2015_final_A-200x282.png 200w, https:\/\/stnr.aps.pt\/pobreza-exclusao-politicas-sociais\/wp-content\/uploads\/sites\/28\/2024\/02\/Cartaz_coloquio_Pobreza_2015_final_A.png 372w\" data-sizes=\"auto\" data-orig-sizes=\"(min-width: 2200px) 100vw, (min-width: 712px) 548px, (min-width: 640px) 712px, \" \/><\/a><\/div><\/div><div style=\"padding:5px;\" class=\"fusion-grid-column fusion-gallery-column fusion-gallery-column-2 hover-type-none\"><div class=\"fusion-gallery-image\"><a href=\"https:\/\/aps.pt\/wp-content\/uploads\/2017\/09\/Programa_col%C3%B3quio-pobreza-2011.pdf\" rel=\"noreferrer\" data-rel=\"iLightbox[gallery_image_1]\" class=\"fusion-lightbox\" target=\"_self\"><img decoding=\"async\" src=\"https:\/\/stnr.aps.pt\/pobreza-exclusao-politicas-sociais\/wp-content\/uploads\/sites\/28\/2024\/02\/Cartaz-Pobreza_Out2011_3.jpg\" data-orig-src=\"https:\/\/stnr.aps.pt\/pobreza-exclusao-politicas-sociais\/wp-content\/uploads\/sites\/28\/2024\/02\/Cartaz-Pobreza_Out2011_3.jpg\" width=\"395\" height=\"601\" alt=\"\" title=\"Cartaz Pobreza_Out2011_3\" aria-label=\"Cartaz Pobreza_Out2011_3\" class=\"lazyload img-responsive wp-image-834\" srcset=\"data:image\/svg+xml,%3Csvg%20xmlns%3D%27http%3A%2F%2Fwww.w3.org%2F2000%2Fsvg%27%20width%3D%27395%27%20height%3D%27601%27%20viewBox%3D%270%200%20395%20601%27%3E%3Crect%20width%3D%27395%27%20height%3D%27601%27%20fill-opacity%3D%220%22%2F%3E%3C%2Fsvg%3E\" data-srcset=\"https:\/\/stnr.aps.pt\/pobreza-exclusao-politicas-sociais\/wp-content\/uploads\/sites\/28\/2024\/02\/Cartaz-Pobreza_Out2011_3-200x304.jpg 200w, https:\/\/stnr.aps.pt\/pobreza-exclusao-politicas-sociais\/wp-content\/uploads\/sites\/28\/2024\/02\/Cartaz-Pobreza_Out2011_3.jpg 395w\" data-sizes=\"auto\" data-orig-sizes=\"(min-width: 2200px) 100vw, (min-width: 712px) 548px, (min-width: 640px) 712px, \" \/><\/a><\/div><\/div><div class=\"clearfix\"><\/div><div style=\"padding:5px;\" class=\"fusion-grid-column fusion-gallery-column fusion-gallery-column-2 hover-type-none\"><div class=\"fusion-gallery-image\"><a href=\"https:\/\/aps.pt\/wp-content\/uploads\/2017\/09\/ST-Pobreza_Programa_Coloquio-2010.pdf\" rel=\"noreferrer\" data-rel=\"iLightbox[gallery_image_1]\" class=\"fusion-lightbox\" target=\"_self\"><img decoding=\"async\" src=\"https:\/\/stnr.aps.pt\/pobreza-exclusao-politicas-sociais\/wp-content\/uploads\/sites\/28\/2024\/02\/Coloquio-Pobreza_Cartaz_final_1.jpg\" data-orig-src=\"https:\/\/stnr.aps.pt\/pobreza-exclusao-politicas-sociais\/wp-content\/uploads\/sites\/28\/2024\/02\/Coloquio-Pobreza_Cartaz_final_1.jpg\" width=\"372\" height=\"527\" alt=\"\" title=\"Col\u00f3quio Pobreza_Cartaz_final_1\" aria-label=\"Col\u00f3quio Pobreza_Cartaz_final_1\" class=\"lazyload img-responsive wp-image-837\" srcset=\"data:image\/svg+xml,%3Csvg%20xmlns%3D%27http%3A%2F%2Fwww.w3.org%2F2000%2Fsvg%27%20width%3D%27372%27%20height%3D%27527%27%20viewBox%3D%270%200%20372%20527%27%3E%3Crect%20width%3D%27372%27%20height%3D%27527%27%20fill-opacity%3D%220%22%2F%3E%3C%2Fsvg%3E\" data-srcset=\"https:\/\/stnr.aps.pt\/pobreza-exclusao-politicas-sociais\/wp-content\/uploads\/sites\/28\/2024\/02\/Coloquio-Pobreza_Cartaz_final_1-200x283.jpg 200w, https:\/\/stnr.aps.pt\/pobreza-exclusao-politicas-sociais\/wp-content\/uploads\/sites\/28\/2024\/02\/Coloquio-Pobreza_Cartaz_final_1.jpg 372w\" data-sizes=\"auto\" data-orig-sizes=\"(min-width: 2200px) 100vw, (min-width: 712px) 548px, (min-width: 640px) 712px, \" \/><\/a><\/div><\/div><div style=\"padding:5px;\" class=\"fusion-grid-column fusion-gallery-column fusion-gallery-column-2 hover-type-none\"><div class=\"fusion-gallery-image\"><a href=\"https:\/\/desigualdadespoliticaspublicas.wordpress.com\/\" rel=\"noreferrer\" data-rel=\"iLightbox[gallery_image_1]\" class=\"fusion-lightbox\" target=\"_self\"><img decoding=\"async\" src=\"https:\/\/stnr.aps.pt\/pobreza-exclusao-politicas-sociais\/wp-content\/uploads\/sites\/28\/2024\/02\/ST_Pobreza_Classes_Cartaz-Enc-2017-1-scaled.jpg\" data-orig-src=\"https:\/\/stnr.aps.pt\/pobreza-exclusao-politicas-sociais\/wp-content\/uploads\/sites\/28\/2024\/02\/ST_Pobreza_Classes_Cartaz-Enc-2017-1-scaled.jpg\" width=\"2560\" height=\"1746\" alt=\"\" title=\"ST_Pobreza_Classes_Cartaz Enc 2017\" aria-label=\"ST_Pobreza_Classes_Cartaz Enc 2017\" class=\"lazyload img-responsive wp-image-843\" srcset=\"data:image\/svg+xml,%3Csvg%20xmlns%3D%27http%3A%2F%2Fwww.w3.org%2F2000%2Fsvg%27%20width%3D%272560%27%20height%3D%271746%27%20viewBox%3D%270%200%202560%201746%27%3E%3Crect%20width%3D%272560%27%20height%3D%271746%27%20fill-opacity%3D%220%22%2F%3E%3C%2Fsvg%3E\" data-srcset=\"https:\/\/stnr.aps.pt\/pobreza-exclusao-politicas-sociais\/wp-content\/uploads\/sites\/28\/2024\/02\/ST_Pobreza_Classes_Cartaz-Enc-2017-1-200x136.jpg 200w, https:\/\/stnr.aps.pt\/pobreza-exclusao-politicas-sociais\/wp-content\/uploads\/sites\/28\/2024\/02\/ST_Pobreza_Classes_Cartaz-Enc-2017-1-400x273.jpg 400w, https:\/\/stnr.aps.pt\/pobreza-exclusao-politicas-sociais\/wp-content\/uploads\/sites\/28\/2024\/02\/ST_Pobreza_Classes_Cartaz-Enc-2017-1-600x409.jpg 600w, https:\/\/stnr.aps.pt\/pobreza-exclusao-politicas-sociais\/wp-content\/uploads\/sites\/28\/2024\/02\/ST_Pobreza_Classes_Cartaz-Enc-2017-1-800x546.jpg 800w, https:\/\/stnr.aps.pt\/pobreza-exclusao-politicas-sociais\/wp-content\/uploads\/sites\/28\/2024\/02\/ST_Pobreza_Classes_Cartaz-Enc-2017-1-1200x819.jpg 1200w, https:\/\/stnr.aps.pt\/pobreza-exclusao-politicas-sociais\/wp-content\/uploads\/sites\/28\/2024\/02\/ST_Pobreza_Classes_Cartaz-Enc-2017-1-scaled.jpg 2560w\" data-sizes=\"auto\" data-orig-sizes=\"(min-width: 2200px) 100vw, (min-width: 712px) 548px, (min-width: 640px) 712px, \" \/><\/a><\/div><\/div><div class=\"clearfix\"><\/div><\/div><\/div><\/div><\/div><div class=\"fusion-layout-column fusion_builder_column fusion-builder-column-2 fusion_builder_column_1_2 1_2 fusion-flex-column\" style=\"--awb-bg-size:cover;--awb-width-large:50%;--awb-margin-top-large:0px;--awb-spacing-right-large:3.84%;--awb-margin-bottom-large:20px;--awb-spacing-left-large:3.84%;--awb-width-medium:50%;--awb-order-medium:0;--awb-spacing-right-medium:3.84%;--awb-spacing-left-medium:3.84%;--awb-width-small:100%;--awb-order-small:0;--awb-spacing-right-small:1.92%;--awb-spacing-left-small:1.92%;\"><div class=\"fusion-column-wrapper fusion-column-has-shadow fusion-flex-justify-content-flex-start fusion-content-layout-column\"><div class=\"fusion-text fusion-text-1\"><h2 style=\"text-align: center\">Quem Somos?<\/h2>\n<p style=\"text-align: justify\">Criada em 2009, a Sec\u00e7\u00e3o Tem\u00e1tica <strong>Pobreza, Exclus\u00e3o Social e Pol\u00edticas\u00a0Sociais<\/strong>\u00a0visa congregar e estimular a investiga\u00e7\u00e3o, o debate e a a\u00e7\u00e3o em torno desta tem\u00e1tica que, associada \u00e0 g\u00e9nese da pr\u00f3pria Sociologia, abrange um feixe de problemas sociais de acrescida relev\u00e2ncia social, pol\u00edtica e cient\u00edfica, no quadro das crises e transforma\u00e7\u00f5es que as sociedades ocidentais contempor\u00e2neas atravessam.<\/p>\n<p style=\"text-align: justify\">A sec\u00e7\u00e3o tem, pois, os seguintes objetivos:<\/p>\n<ol>\n<li style=\"text-align: justify\">Facilita\u00e7\u00e3o do trabalho em rede tendo em vista a produ\u00e7\u00e3o cient\u00edfica e a troca de experi\u00eancias profissionais entre os membros da APS interessados nesta \u00e1rea;<\/li>\n<li style=\"text-align: justify\">Difus\u00e3o de informa\u00e7\u00f5es aos membros e \u00e0 sociedade em geral;<\/li>\n<li style=\"text-align: justify\">Contribui\u00e7\u00e3o para o debate nacional sobre Pobreza, Exclus\u00e3o Social e Pol\u00edticas Sociais;<\/li>\n<li style=\"text-align: justify\">Apoio \u00e0 forma\u00e7\u00e3o na \u00e1rea;<\/li>\n<li>Contribui\u00e7\u00e3o para a afirma\u00e7\u00e3o em Portugal da Sociologia e da sua associa\u00e7\u00e3o mais representativa;<\/li>\n<li>Estabelecimento de contactos com grupos cong\u00e9neres em associa\u00e7\u00f5es estrangeiras.<\/li>\n<\/ol>\n<p>Ver mais informa\u00e7\u00e3o <strong><a href=\"https:\/\/stnr.aps.pt\/pobreza-exclusao-politicas-sociais\/quem-somos-2\/\" target=\"_blank\" rel=\"noopener\">AQUI!<\/a><\/strong><\/p>\n<\/div><\/div><\/div><\/div><\/div><div class=\"fusion-fullwidth fullwidth-box fusion-builder-row-2 fusion-flex-container nonhundred-percent-fullwidth non-hundred-percent-height-scrolling\" style=\"--awb-border-radius-top-left:0px;--awb-border-radius-top-right:0px;--awb-border-radius-bottom-right:0px;--awb-border-radius-bottom-left:0px;--awb-flex-wrap:wrap;\" ><div class=\"fusion-builder-row fusion-row fusion-flex-align-items-flex-start fusion-flex-content-wrap\" style=\"max-width:1144px;margin-left: calc(-4% \/ 2 );margin-right: calc(-4% \/ 2 );\"><div class=\"fusion-layout-column fusion_builder_column fusion-builder-column-3 fusion_builder_column_1_1 1_1 fusion-flex-column\" style=\"--awb-bg-size:cover;--awb-width-large:100%;--awb-margin-top-large:0px;--awb-spacing-right-large:1.92%;--awb-margin-bottom-large:20px;--awb-spacing-left-large:1.92%;--awb-width-medium:100%;--awb-order-medium:0;--awb-spacing-right-medium:1.92%;--awb-spacing-left-medium:1.92%;--awb-width-small:100%;--awb-order-small:0;--awb-spacing-right-small:1.92%;--awb-spacing-left-small:1.92%;\"><div class=\"fusion-column-wrapper fusion-column-has-shadow fusion-flex-justify-content-flex-start fusion-content-layout-column\"><\/div><\/div><\/div><\/div><\/p>\n","protected":false},"excerpt":{"rendered":"","protected":false},"author":1,"featured_media":0,"parent":0,"menu_order":0,"comment_status":"closed","ping_status":"closed","template":"","meta":{"footnotes":""},"class_list":["post-18","page","type-page","status-publish","hentry"],"_links":{"self":[{"href":"https:\/\/stnr.aps.pt\/pobreza-exclusao-politicas-sociais\/wp-json\/wp\/v2\/pages\/18","targetHints":{"allow":["GET"]}}],"collection":[{"href":"https:\/\/stnr.aps.pt\/pobreza-exclusao-politicas-sociais\/wp-json\/wp\/v2\/pages"}],"about":[{"href":"https:\/\/stnr.aps.pt\/pobreza-exclusao-politicas-sociais\/wp-json\/wp\/v2\/types\/page"}],"author":[{"embeddable":true,"href":"https:\/\/stnr.aps.pt\/pobreza-exclusao-politicas-sociais\/wp-json\/wp\/v2\/users\/1"}],"replies":[{"embeddable":true,"href":"https:\/\/stnr.aps.pt\/pobreza-exclusao-politicas-sociais\/wp-json\/wp\/v2\/comments?post=18"}],"version-history":[{"count":124,"href":"https:\/\/stnr.aps.pt\/pobreza-exclusao-politicas-sociais\/wp-json\/wp\/v2\/pages\/18\/revisions"}],"predecessor-version":[{"id":670,"href":"https:\/\/stnr.aps.pt\/pobreza-exclusao-politicas-sociais\/wp-json\/wp\/v2\/pages\/18\/revisions\/670"}],"wp:attachment":[{"href":"https:\/\/stnr.aps.pt\/pobreza-exclusao-politicas-sociais\/wp-json\/wp\/v2\/media?parent=18"}],"curies":[{"name":"wp","href":"https:\/\/api.w.org\/{rel}","templated":true}]}}