{"id":690,"date":"2022-11-11T16:16:21","date_gmt":"2022-11-11T16:16:21","guid":{"rendered":"https:\/\/stnr.aps.pt\/classes-desigualdades-politicas-publicas\/?page_id=690"},"modified":"2023-01-04T13:32:34","modified_gmt":"2023-01-04T13:32:34","slug":"links-uteis-2","status":"publish","type":"page","link":"https:\/\/stnr.aps.pt\/classes-desigualdades-politicas-publicas\/links-uteis-2\/","title":{"rendered":"Links \u00dateis"},"content":{"rendered":"<p><div class=\"fusion-fullwidth fullwidth-box fusion-builder-row-1 fusion-flex-container nonhundred-percent-fullwidth non-hundred-percent-height-scrolling\" style=\"--awb-border-radius-top-left:0px;--awb-border-radius-top-right:0px;--awb-border-radius-bottom-right:0px;--awb-border-radius-bottom-left:0px;--awb-flex-wrap:wrap;\" ><div class=\"fusion-builder-row fusion-row fusion-flex-align-items-flex-start fusion-flex-content-wrap\" style=\"max-width:1144px;margin-left: calc(-4% \/ 2 );margin-right: calc(-4% \/ 2 );\"><div class=\"fusion-layout-column fusion_builder_column fusion-builder-column-0 fusion_builder_column_1_1 1_1 fusion-flex-column\" style=\"--awb-bg-size:cover;--awb-width-large:100%;--awb-margin-top-large:0px;--awb-spacing-right-large:1.92%;--awb-margin-bottom-large:0px;--awb-spacing-left-large:1.92%;--awb-width-medium:100%;--awb-spacing-right-medium:1.92%;--awb-spacing-left-medium:1.92%;--awb-width-small:100%;--awb-spacing-right-small:1.92%;--awb-spacing-left-small:1.92%;\"><div class=\"fusion-column-wrapper fusion-flex-justify-content-flex-start fusion-content-layout-column\"><div class=\"fusion-text fusion-text-1\"><p>Aqui poder\u00e1 consultar um conjunto de links \u00fateis que lhe permitem o acesso a recursos como bases de dados, plataformas interativas, estudos nacionais e internacionais e outros materiais relevantes no \u00e2mbito das tem\u00e1ticas das classes, desigualdades sociais e pol\u00edticas p\u00fablicas.<\/p>\n<\/div><div class=\"fusion-separator fusion-full-width-sep\" style=\"align-self: center;margin-left: auto;margin-right: auto;margin-top:0,5;width:100%;\"><div class=\"fusion-separator-border sep-shadow\" style=\"--awb-height:20px;--awb-amount:20px;background:radial-gradient(ellipse at 50% -50% , #e0dede 0px, rgba(255, 255, 255, 0) 80%) repeat scroll 0 0 rgba(0, 0, 0, 0);background:-webkit-radial-gradient(ellipse at 50% -50% , #e0dede 0px, rgba(255, 255, 255, 0) 80%) repeat scroll 0 0 rgba(0, 0, 0, 0);background:-moz-radial-gradient(ellipse at 50% -50% , #e0dede 0px, rgba(255, 255, 255, 0) 80%) repeat scroll 0 0 rgba(0, 0, 0, 0);background:-o-radial-gradient(ellipse at 50% -50% , #e0dede 0px, rgba(255, 255, 255, 0) 80%) repeat scroll 0 0 rgba(0, 0, 0, 0);\"><\/div><\/div><\/div><\/div><\/div><\/div><div class=\"fusion-fullwidth fullwidth-box fusion-builder-row-2 fusion-flex-container nonhundred-percent-fullwidth non-hundred-percent-height-scrolling\" style=\"--awb-border-radius-top-left:0px;--awb-border-radius-top-right:0px;--awb-border-radius-bottom-right:0px;--awb-border-radius-bottom-left:0px;--awb-flex-wrap:wrap;\" ><div class=\"fusion-builder-row fusion-row fusion-flex-align-items-flex-start fusion-flex-content-wrap\" style=\"max-width:1144px;margin-left: calc(-4% \/ 2 );margin-right: calc(-4% \/ 2 );\"><div class=\"fusion-layout-column fusion_builder_column fusion-builder-column-1 fusion_builder_column_1_1 1_1 fusion-flex-column\" style=\"--awb-bg-size:cover;--awb-width-large:100%;--awb-margin-top-large:0px;--awb-spacing-right-large:1.92%;--awb-margin-bottom-large:20px;--awb-spacing-left-large:1.92%;--awb-width-medium:100%;--awb-order-medium:0;--awb-spacing-right-medium:1.92%;--awb-spacing-left-medium:1.92%;--awb-width-small:100%;--awb-order-small:0;--awb-spacing-right-small:1.92%;--awb-spacing-left-small:1.92%;\"><div class=\"fusion-column-wrapper fusion-column-has-shadow fusion-flex-justify-content-flex-start fusion-content-layout-column\"><div class=\"fusion-text fusion-text-2\"><p><strong>Nacional<\/strong><\/p>\n<\/div><\/div><\/div><\/div><\/div><div class=\"fusion-fullwidth fullwidth-box fusion-builder-row-3 fusion-flex-container nonhundred-percent-fullwidth non-hundred-percent-height-scrolling\" style=\"--awb-border-radius-top-left:0px;--awb-border-radius-top-right:0px;--awb-border-radius-bottom-right:0px;--awb-border-radius-bottom-left:0px;--awb-flex-wrap:wrap;\" ><div class=\"fusion-builder-row fusion-row fusion-flex-align-items-flex-start fusion-flex-justify-content-space-between fusion-flex-content-wrap\" style=\"max-width:1144px;margin-left: calc(-4% \/ 2 );margin-right: calc(-4% \/ 2 );\"><div class=\"fusion-layout-column fusion_builder_column fusion-builder-column-2 fusion_builder_column_1_4 1_4 fusion-flex-column\" style=\"--awb-bg-size:cover;--awb-width-large:25%;--awb-margin-top-large:0px;--awb-spacing-right-large:7.68%;--awb-margin-bottom-large:20px;--awb-spacing-left-large:7.68%;--awb-width-medium:25%;--awb-order-medium:0;--awb-spacing-right-medium:7.68%;--awb-spacing-left-medium:7.68%;--awb-width-small:100%;--awb-order-small:0;--awb-spacing-right-small:1.92%;--awb-spacing-left-small:1.92%;\"><div class=\"fusion-column-wrapper fusion-column-has-shadow fusion-flex-justify-content-flex-start fusion-content-layout-column\"><div class=\"fusion-text fusion-text-3\"><p><a href=\"http:\/\/www.ine.pt\"><img decoding=\"async\" class=\"lazyload alignnone size-medium wp-image-789 aligncenter\" src=\"https:\/\/stnr.aps.pt\/classes-desigualdades-politicas-publicas\/wp-content\/uploads\/sites\/21\/2023\/01\/INE-300x109.jpeg\" data-orig-src=\"https:\/\/stnr.aps.pt\/classes-desigualdades-politicas-publicas\/wp-content\/uploads\/sites\/21\/2023\/01\/INE-300x109.jpeg\" alt=\"\" width=\"300\" height=\"109\" srcset=\"data:image\/svg+xml,%3Csvg%20xmlns%3D%27http%3A%2F%2Fwww.w3.org%2F2000%2Fsvg%27%20width%3D%27300%27%20height%3D%27109%27%20viewBox%3D%270%200%20300%20109%27%3E%3Crect%20width%3D%27300%27%20height%3D%27109%27%20fill-opacity%3D%220%22%2F%3E%3C%2Fsvg%3E\" data-srcset=\"https:\/\/stnr.aps.pt\/classes-desigualdades-politicas-publicas\/wp-content\/uploads\/sites\/21\/2023\/01\/INE-200x73.jpeg 200w, https:\/\/stnr.aps.pt\/classes-desigualdades-politicas-publicas\/wp-content\/uploads\/sites\/21\/2023\/01\/INE-300x109.jpeg 300w, https:\/\/stnr.aps.pt\/classes-desigualdades-politicas-publicas\/wp-content\/uploads\/sites\/21\/2023\/01\/INE-400x146.jpeg 400w, https:\/\/stnr.aps.pt\/classes-desigualdades-politicas-publicas\/wp-content\/uploads\/sites\/21\/2023\/01\/INE-600x219.jpeg 600w, https:\/\/stnr.aps.pt\/classes-desigualdades-politicas-publicas\/wp-content\/uploads\/sites\/21\/2023\/01\/INE-768x280.jpeg 768w, https:\/\/stnr.aps.pt\/classes-desigualdades-politicas-publicas\/wp-content\/uploads\/sites\/21\/2023\/01\/INE-800x292.jpeg 800w, https:\/\/stnr.aps.pt\/classes-desigualdades-politicas-publicas\/wp-content\/uploads\/sites\/21\/2023\/01\/INE-1024x373.jpeg 1024w, https:\/\/stnr.aps.pt\/classes-desigualdades-politicas-publicas\/wp-content\/uploads\/sites\/21\/2023\/01\/INE-1200x438.jpeg 1200w, https:\/\/stnr.aps.pt\/classes-desigualdades-politicas-publicas\/wp-content\/uploads\/sites\/21\/2023\/01\/INE-1320x481.jpeg 1320w, https:\/\/stnr.aps.pt\/classes-desigualdades-politicas-publicas\/wp-content\/uploads\/sites\/21\/2023\/01\/INE-1536x560.jpeg 1536w, https:\/\/stnr.aps.pt\/classes-desigualdades-politicas-publicas\/wp-content\/uploads\/sites\/21\/2023\/01\/INE.jpeg 1920w\" data-sizes=\"auto\" data-orig-sizes=\"(max-width: 300px) 100vw, 300px\" \/><\/a><\/p>\n<p style=\"text-align: center\"><strong>Instituto Nacional de Estat\u00edstica (INE)<\/strong><\/p>\n<\/div><\/div><\/div><div class=\"fusion-layout-column fusion_builder_column fusion-builder-column-3 fusion_builder_column_1_4 1_4 fusion-flex-column\" style=\"--awb-bg-size:cover;--awb-width-large:25%;--awb-margin-top-large:0px;--awb-spacing-right-large:7.68%;--awb-margin-bottom-large:20px;--awb-spacing-left-large:7.68%;--awb-width-medium:25%;--awb-order-medium:0;--awb-spacing-right-medium:7.68%;--awb-spacing-left-medium:7.68%;--awb-width-small:100%;--awb-order-small:0;--awb-spacing-right-small:1.92%;--awb-spacing-left-small:1.92%;\"><div class=\"fusion-column-wrapper fusion-column-has-shadow fusion-flex-justify-content-flex-start fusion-content-layout-column\"><div class=\"fusion-text fusion-text-4\"><p style=\"text-align: center\"><a href=\"http:\/\/observatorio-das-desigualdades.com\"><img decoding=\"async\" class=\"lazyload alignnone wp-image-788\" src=\"https:\/\/stnr.aps.pt\/classes-desigualdades-politicas-publicas\/wp-content\/uploads\/sites\/21\/2023\/01\/transferir-300x75.png\" data-orig-src=\"https:\/\/stnr.aps.pt\/classes-desigualdades-politicas-publicas\/wp-content\/uploads\/sites\/21\/2023\/01\/transferir-300x75.png\" alt=\"\" width=\"300\" height=\"75\" srcset=\"data:image\/svg+xml,%3Csvg%20xmlns%3D%27http%3A%2F%2Fwww.w3.org%2F2000%2Fsvg%27%20width%3D%27300%27%20height%3D%2775%27%20viewBox%3D%270%200%20300%2075%27%3E%3Crect%20width%3D%27300%27%20height%3D%2775%27%20fill-opacity%3D%220%22%2F%3E%3C%2Fsvg%3E\" data-srcset=\"https:\/\/stnr.aps.pt\/classes-desigualdades-politicas-publicas\/wp-content\/uploads\/sites\/21\/2023\/01\/transferir-200x50.png 200w, https:\/\/stnr.aps.pt\/classes-desigualdades-politicas-publicas\/wp-content\/uploads\/sites\/21\/2023\/01\/transferir-300x75.png 300w, https:\/\/stnr.aps.pt\/classes-desigualdades-politicas-publicas\/wp-content\/uploads\/sites\/21\/2023\/01\/transferir-400x100.png 400w, https:\/\/stnr.aps.pt\/classes-desigualdades-politicas-publicas\/wp-content\/uploads\/sites\/21\/2023\/01\/transferir.png 449w\" data-sizes=\"auto\" data-orig-sizes=\"(max-width: 300px) 100vw, 300px\" \/><\/a><\/p>\n<p style=\"text-align: center\"><strong>Observat\u00f3rio das Desigualdades<\/strong><\/p>\n<\/div><\/div><\/div><div class=\"fusion-layout-column fusion_builder_column fusion-builder-column-4 fusion_builder_column_1_4 1_4 fusion-flex-column\" style=\"--awb-bg-size:cover;--awb-width-large:25%;--awb-margin-top-large:0px;--awb-spacing-right-large:7.68%;--awb-margin-bottom-large:20px;--awb-spacing-left-large:7.68%;--awb-width-medium:25%;--awb-order-medium:0;--awb-spacing-right-medium:7.68%;--awb-spacing-left-medium:7.68%;--awb-width-small:100%;--awb-order-small:0;--awb-spacing-right-small:1.92%;--awb-spacing-left-small:1.92%;\"><div class=\"fusion-column-wrapper fusion-column-has-shadow fusion-flex-justify-content-flex-start fusion-content-layout-column\"><div class=\"fusion-text fusion-text-5\"><p><a href=\"http:\/\/www.pordata.pt\/\"><img decoding=\"async\" class=\"lazyload alignnone wp-image-790 aligncenter\" src=\"https:\/\/stnr.aps.pt\/classes-desigualdades-politicas-publicas\/wp-content\/uploads\/sites\/21\/2023\/01\/PORDATA_Mark-_-POSI-MANUAL-300x54.png\" data-orig-src=\"https:\/\/stnr.aps.pt\/classes-desigualdades-politicas-publicas\/wp-content\/uploads\/sites\/21\/2023\/01\/PORDATA_Mark-_-POSI-MANUAL-300x54.png\" alt=\"\" width=\"283\" height=\"51\" srcset=\"data:image\/svg+xml,%3Csvg%20xmlns%3D%27http%3A%2F%2Fwww.w3.org%2F2000%2Fsvg%27%20width%3D%27283%27%20height%3D%2751%27%20viewBox%3D%270%200%20283%2051%27%3E%3Crect%20width%3D%27283%27%20height%3D%2751%27%20fill-opacity%3D%220%22%2F%3E%3C%2Fsvg%3E\" data-srcset=\"https:\/\/stnr.aps.pt\/classes-desigualdades-politicas-publicas\/wp-content\/uploads\/sites\/21\/2023\/01\/PORDATA_Mark-_-POSI-MANUAL-200x36.png 200w, https:\/\/stnr.aps.pt\/classes-desigualdades-politicas-publicas\/wp-content\/uploads\/sites\/21\/2023\/01\/PORDATA_Mark-_-POSI-MANUAL-300x54.png 300w, https:\/\/stnr.aps.pt\/classes-desigualdades-politicas-publicas\/wp-content\/uploads\/sites\/21\/2023\/01\/PORDATA_Mark-_-POSI-MANUAL-400x72.png 400w, https:\/\/stnr.aps.pt\/classes-desigualdades-politicas-publicas\/wp-content\/uploads\/sites\/21\/2023\/01\/PORDATA_Mark-_-POSI-MANUAL-600x108.png 600w, https:\/\/stnr.aps.pt\/classes-desigualdades-politicas-publicas\/wp-content\/uploads\/sites\/21\/2023\/01\/PORDATA_Mark-_-POSI-MANUAL-768x138.png 768w, https:\/\/stnr.aps.pt\/classes-desigualdades-politicas-publicas\/wp-content\/uploads\/sites\/21\/2023\/01\/PORDATA_Mark-_-POSI-MANUAL-800x144.png 800w, https:\/\/stnr.aps.pt\/classes-desigualdades-politicas-publicas\/wp-content\/uploads\/sites\/21\/2023\/01\/PORDATA_Mark-_-POSI-MANUAL-1024x184.png 1024w, https:\/\/stnr.aps.pt\/classes-desigualdades-politicas-publicas\/wp-content\/uploads\/sites\/21\/2023\/01\/PORDATA_Mark-_-POSI-MANUAL-1200x216.png 1200w, https:\/\/stnr.aps.pt\/classes-desigualdades-politicas-publicas\/wp-content\/uploads\/sites\/21\/2023\/01\/PORDATA_Mark-_-POSI-MANUAL-1320x238.png 1320w, https:\/\/stnr.aps.pt\/classes-desigualdades-politicas-publicas\/wp-content\/uploads\/sites\/21\/2023\/01\/PORDATA_Mark-_-POSI-MANUAL-1536x277.png 1536w, https:\/\/stnr.aps.pt\/classes-desigualdades-politicas-publicas\/wp-content\/uploads\/sites\/21\/2023\/01\/PORDATA_Mark-_-POSI-MANUAL.png 1772w\" data-sizes=\"auto\" data-orig-sizes=\"(max-width: 283px) 100vw, 283px\" \/><\/a><\/p>\n<p style=\"text-align: center\"><strong>Pordata<\/strong><\/p>\n<\/div><\/div><\/div><\/div><\/div><div class=\"fusion-fullwidth fullwidth-box fusion-builder-row-4 fusion-flex-container nonhundred-percent-fullwidth non-hundred-percent-height-scrolling\" style=\"--awb-border-radius-top-left:0px;--awb-border-radius-top-right:0px;--awb-border-radius-bottom-right:0px;--awb-border-radius-bottom-left:0px;--awb-flex-wrap:wrap;\" ><div class=\"fusion-builder-row fusion-row fusion-flex-align-items-flex-start fusion-flex-content-wrap\" style=\"max-width:1144px;margin-left: calc(-4% \/ 2 );margin-right: calc(-4% \/ 2 );\"><div class=\"fusion-layout-column fusion_builder_column fusion-builder-column-5 fusion_builder_column_1_1 1_1 fusion-flex-column\" style=\"--awb-bg-size:cover;--awb-width-large:100%;--awb-margin-top-large:0px;--awb-spacing-right-large:1.92%;--awb-margin-bottom-large:20px;--awb-spacing-left-large:1.92%;--awb-width-medium:100%;--awb-order-medium:0;--awb-spacing-right-medium:1.92%;--awb-spacing-left-medium:1.92%;--awb-width-small:100%;--awb-order-small:0;--awb-spacing-right-small:1.92%;--awb-spacing-left-small:1.92%;\"><div class=\"fusion-column-wrapper fusion-column-has-shadow fusion-flex-justify-content-flex-start fusion-content-layout-column\"><div class=\"fusion-separator fusion-full-width-sep\" style=\"align-self: center;margin-left: auto;margin-right: auto;margin-top:0,5;width:100%;\"><div class=\"fusion-separator-border sep-shadow\" style=\"--awb-height:20px;--awb-amount:20px;background:radial-gradient(ellipse at 50% -50% , #e0dede 0px, rgba(255, 255, 255, 0) 80%) repeat scroll 0 0 rgba(0, 0, 0, 0);background:-webkit-radial-gradient(ellipse at 50% -50% , #e0dede 0px, rgba(255, 255, 255, 0) 80%) repeat scroll 0 0 rgba(0, 0, 0, 0);background:-moz-radial-gradient(ellipse at 50% -50% , #e0dede 0px, rgba(255, 255, 255, 0) 80%) repeat scroll 0 0 rgba(0, 0, 0, 0);background:-o-radial-gradient(ellipse at 50% -50% , #e0dede 0px, rgba(255, 255, 255, 0) 80%) repeat scroll 0 0 rgba(0, 0, 0, 0);\"><\/div><\/div><div class=\"fusion-text fusion-text-6\"><p><strong>Internacional<\/strong><\/p>\n<\/div><\/div><\/div><\/div><\/div><div class=\"fusion-fullwidth fullwidth-box fusion-builder-row-5 fusion-flex-container nonhundred-percent-fullwidth non-hundred-percent-height-scrolling\" style=\"--awb-border-radius-top-left:0px;--awb-border-radius-top-right:0px;--awb-border-radius-bottom-right:0px;--awb-border-radius-bottom-left:0px;--awb-flex-wrap:wrap;\" ><div class=\"fusion-builder-row fusion-row fusion-flex-align-items-flex-start fusion-flex-content-wrap\" style=\"max-width:1144px;margin-left: calc(-4% \/ 2 );margin-right: calc(-4% \/ 2 );\"><div class=\"fusion-layout-column fusion_builder_column fusion-builder-column-6 fusion_builder_column_1_4 1_4 fusion-flex-column\" style=\"--awb-bg-size:cover;--awb-width-large:25%;--awb-margin-top-large:0px;--awb-spacing-right-large:7.68%;--awb-margin-bottom-large:20px;--awb-spacing-left-large:7.68%;--awb-width-medium:25%;--awb-order-medium:0;--awb-spacing-right-medium:7.68%;--awb-spacing-left-medium:7.68%;--awb-width-small:100%;--awb-order-small:0;--awb-spacing-right-small:1.92%;--awb-spacing-left-small:1.92%;\"><div class=\"fusion-column-wrapper fusion-column-has-shadow fusion-flex-justify-content-flex-start fusion-content-layout-column\"><div class=\"fusion-text fusion-text-7\"><p style=\"text-align: center\"><a href=\"http:\/\/www.europeansocialsurvey.org\"><img decoding=\"async\" class=\"lazyload alignnone wp-image-793\" src=\"https:\/\/stnr.aps.pt\/classes-desigualdades-politicas-publicas\/wp-content\/uploads\/sites\/21\/2023\/01\/transferir-1-300x101.png\" data-orig-src=\"https:\/\/stnr.aps.pt\/classes-desigualdades-politicas-publicas\/wp-content\/uploads\/sites\/21\/2023\/01\/transferir-1-300x101.png\" alt=\"\" width=\"261\" height=\"88\" srcset=\"data:image\/svg+xml,%3Csvg%20xmlns%3D%27http%3A%2F%2Fwww.w3.org%2F2000%2Fsvg%27%20width%3D%27261%27%20height%3D%2788%27%20viewBox%3D%270%200%20261%2088%27%3E%3Crect%20width%3D%27261%27%20height%3D%2788%27%20fill-opacity%3D%220%22%2F%3E%3C%2Fsvg%3E\" data-srcset=\"https:\/\/stnr.aps.pt\/classes-desigualdades-politicas-publicas\/wp-content\/uploads\/sites\/21\/2023\/01\/transferir-1-200x67.png 200w, https:\/\/stnr.aps.pt\/classes-desigualdades-politicas-publicas\/wp-content\/uploads\/sites\/21\/2023\/01\/transferir-1-300x101.png 300w, https:\/\/stnr.aps.pt\/classes-desigualdades-politicas-publicas\/wp-content\/uploads\/sites\/21\/2023\/01\/transferir-1.png 388w\" data-sizes=\"auto\" data-orig-sizes=\"(max-width: 261px) 100vw, 261px\" \/><\/a><\/p>\n<p style=\"text-align: center\"><strong>European Social Survey<\/strong><\/p>\n<\/div><\/div><\/div><div class=\"fusion-layout-column fusion_builder_column fusion-builder-column-7 fusion_builder_column_1_4 1_4 fusion-flex-column\" style=\"--awb-bg-size:cover;--awb-width-large:25%;--awb-margin-top-large:0px;--awb-spacing-right-large:7.68%;--awb-margin-bottom-large:20px;--awb-spacing-left-large:7.68%;--awb-width-medium:25%;--awb-order-medium:0;--awb-spacing-right-medium:7.68%;--awb-spacing-left-medium:7.68%;--awb-width-small:100%;--awb-order-small:0;--awb-spacing-right-small:1.92%;--awb-spacing-left-small:1.92%;\"><div class=\"fusion-column-wrapper fusion-column-has-shadow fusion-flex-justify-content-flex-start fusion-content-layout-column\"><div class=\"fusion-text fusion-text-8\"><p style=\"text-align: center\"><a href=\"http:\/\/epp.eurostat.ec.europa.eu\"><img decoding=\"async\" class=\"lazyload alignnone wp-image-794 aligncenter\" src=\"https:\/\/stnr.aps.pt\/classes-desigualdades-politicas-publicas\/wp-content\/uploads\/sites\/21\/2023\/01\/4x3-300x225.png\" data-orig-src=\"https:\/\/stnr.aps.pt\/classes-desigualdades-politicas-publicas\/wp-content\/uploads\/sites\/21\/2023\/01\/4x3-300x225.png\" alt=\"\" width=\"228\" height=\"171\" srcset=\"data:image\/svg+xml,%3Csvg%20xmlns%3D%27http%3A%2F%2Fwww.w3.org%2F2000%2Fsvg%27%20width%3D%27228%27%20height%3D%27171%27%20viewBox%3D%270%200%20228%20171%27%3E%3Crect%20width%3D%27228%27%20height%3D%27171%27%20fill-opacity%3D%220%22%2F%3E%3C%2Fsvg%3E\" data-srcset=\"https:\/\/stnr.aps.pt\/classes-desigualdades-politicas-publicas\/wp-content\/uploads\/sites\/21\/2023\/01\/4x3-200x150.png 200w, https:\/\/stnr.aps.pt\/classes-desigualdades-politicas-publicas\/wp-content\/uploads\/sites\/21\/2023\/01\/4x3-300x225.png 300w, https:\/\/stnr.aps.pt\/classes-desigualdades-politicas-publicas\/wp-content\/uploads\/sites\/21\/2023\/01\/4x3-400x300.png 400w, https:\/\/stnr.aps.pt\/classes-desigualdades-politicas-publicas\/wp-content\/uploads\/sites\/21\/2023\/01\/4x3-600x450.png 600w, https:\/\/stnr.aps.pt\/classes-desigualdades-politicas-publicas\/wp-content\/uploads\/sites\/21\/2023\/01\/4x3-768x576.png 768w, https:\/\/stnr.aps.pt\/classes-desigualdades-politicas-publicas\/wp-content\/uploads\/sites\/21\/2023\/01\/4x3-800x600.png 800w, https:\/\/stnr.aps.pt\/classes-desigualdades-politicas-publicas\/wp-content\/uploads\/sites\/21\/2023\/01\/4x3-1024x768.png 1024w, https:\/\/stnr.aps.pt\/classes-desigualdades-politicas-publicas\/wp-content\/uploads\/sites\/21\/2023\/01\/4x3-1200x900.png 1200w, https:\/\/stnr.aps.pt\/classes-desigualdades-politicas-publicas\/wp-content\/uploads\/sites\/21\/2023\/01\/4x3.png 1250w\" data-sizes=\"auto\" data-orig-sizes=\"(max-width: 228px) 100vw, 228px\" \/><\/a><strong style=\"text-align: center\">Eurostat<\/strong><\/p>\n<\/div><\/div><\/div><div class=\"fusion-layout-column fusion_builder_column fusion-builder-column-8 fusion_builder_column_1_4 1_4 fusion-flex-column\" style=\"--awb-bg-size:cover;--awb-width-large:25%;--awb-margin-top-large:0px;--awb-spacing-right-large:7.68%;--awb-margin-bottom-large:20px;--awb-spacing-left-large:7.68%;--awb-width-medium:25%;--awb-order-medium:0;--awb-spacing-right-medium:7.68%;--awb-spacing-left-medium:7.68%;--awb-width-small:100%;--awb-order-small:0;--awb-spacing-right-small:1.92%;--awb-spacing-left-small:1.92%;\"><div class=\"fusion-column-wrapper fusion-column-has-shadow fusion-flex-justify-content-flex-start fusion-content-layout-column\"><div class=\"fusion-text fusion-text-9\"><p style=\"text-align: center\"><a href=\"http:\/\/www.gapminder.org\"><img decoding=\"async\" class=\"lazyload alignnone size-medium wp-image-797 aligncenter\" src=\"https:\/\/stnr.aps.pt\/classes-desigualdades-politicas-publicas\/wp-content\/uploads\/sites\/21\/2023\/01\/Gapminder_Foundationr_Logo_full-300x37.png\" data-orig-src=\"https:\/\/stnr.aps.pt\/classes-desigualdades-politicas-publicas\/wp-content\/uploads\/sites\/21\/2023\/01\/Gapminder_Foundationr_Logo_full-300x37.png\" alt=\"\" width=\"300\" height=\"37\" srcset=\"data:image\/svg+xml,%3Csvg%20xmlns%3D%27http%3A%2F%2Fwww.w3.org%2F2000%2Fsvg%27%20width%3D%27300%27%20height%3D%2737%27%20viewBox%3D%270%200%20300%2037%27%3E%3Crect%20width%3D%27300%27%20height%3D%2737%27%20fill-opacity%3D%220%22%2F%3E%3C%2Fsvg%3E\" data-srcset=\"https:\/\/stnr.aps.pt\/classes-desigualdades-politicas-publicas\/wp-content\/uploads\/sites\/21\/2023\/01\/Gapminder_Foundationr_Logo_full-200x24.png 200w, https:\/\/stnr.aps.pt\/classes-desigualdades-politicas-publicas\/wp-content\/uploads\/sites\/21\/2023\/01\/Gapminder_Foundationr_Logo_full-300x37.png 300w, https:\/\/stnr.aps.pt\/classes-desigualdades-politicas-publicas\/wp-content\/uploads\/sites\/21\/2023\/01\/Gapminder_Foundationr_Logo_full-400x49.png 400w, https:\/\/stnr.aps.pt\/classes-desigualdades-politicas-publicas\/wp-content\/uploads\/sites\/21\/2023\/01\/Gapminder_Foundationr_Logo_full-600x73.png 600w, https:\/\/stnr.aps.pt\/classes-desigualdades-politicas-publicas\/wp-content\/uploads\/sites\/21\/2023\/01\/Gapminder_Foundationr_Logo_full-768x94.png 768w, https:\/\/stnr.aps.pt\/classes-desigualdades-politicas-publicas\/wp-content\/uploads\/sites\/21\/2023\/01\/Gapminder_Foundationr_Logo_full-800x97.png 800w, https:\/\/stnr.aps.pt\/classes-desigualdades-politicas-publicas\/wp-content\/uploads\/sites\/21\/2023\/01\/Gapminder_Foundationr_Logo_full-1024x125.png 1024w, https:\/\/stnr.aps.pt\/classes-desigualdades-politicas-publicas\/wp-content\/uploads\/sites\/21\/2023\/01\/Gapminder_Foundationr_Logo_full-1200x146.png 1200w, https:\/\/stnr.aps.pt\/classes-desigualdades-politicas-publicas\/wp-content\/uploads\/sites\/21\/2023\/01\/Gapminder_Foundationr_Logo_full-1320x161.png 1320w, https:\/\/stnr.aps.pt\/classes-desigualdades-politicas-publicas\/wp-content\/uploads\/sites\/21\/2023\/01\/Gapminder_Foundationr_Logo_full-1536x187.png 1536w\" data-sizes=\"auto\" data-orig-sizes=\"(max-width: 300px) 100vw, 300px\" \/><\/a><\/p>\n<p style=\"text-align: center\"><strong style=\"text-align: center\">Gapminder, a fact-based world view<\/strong><\/p>\n<\/div><\/div><\/div><div class=\"fusion-layout-column fusion_builder_column fusion-builder-column-9 fusion_builder_column_1_4 1_4 fusion-flex-column\" style=\"--awb-bg-size:cover;--awb-width-large:25%;--awb-margin-top-large:0px;--awb-spacing-right-large:7.68%;--awb-margin-bottom-large:20px;--awb-spacing-left-large:7.68%;--awb-width-medium:25%;--awb-order-medium:0;--awb-spacing-right-medium:7.68%;--awb-spacing-left-medium:7.68%;--awb-width-small:100%;--awb-order-small:0;--awb-spacing-right-small:1.92%;--awb-spacing-left-small:1.92%;\"><div class=\"fusion-column-wrapper fusion-column-has-shadow fusion-flex-justify-content-flex-start fusion-content-layout-column\"><div class=\"fusion-text fusion-text-10\"><p style=\"text-align: center\"><a href=\"https:\/\/inequality.org\"><img decoding=\"async\" class=\"lazyload alignnone size-medium wp-image-798 aligncenter\" src=\"https:\/\/stnr.aps.pt\/classes-desigualdades-politicas-publicas\/wp-content\/uploads\/sites\/21\/2023\/01\/Inequality-logo-300x61.png\" data-orig-src=\"https:\/\/stnr.aps.pt\/classes-desigualdades-politicas-publicas\/wp-content\/uploads\/sites\/21\/2023\/01\/Inequality-logo-300x61.png\" alt=\"\" width=\"300\" height=\"61\" srcset=\"data:image\/svg+xml,%3Csvg%20xmlns%3D%27http%3A%2F%2Fwww.w3.org%2F2000%2Fsvg%27%20width%3D%27300%27%20height%3D%2761%27%20viewBox%3D%270%200%20300%2061%27%3E%3Crect%20width%3D%27300%27%20height%3D%2761%27%20fill-opacity%3D%220%22%2F%3E%3C%2Fsvg%3E\" data-srcset=\"https:\/\/stnr.aps.pt\/classes-desigualdades-politicas-publicas\/wp-content\/uploads\/sites\/21\/2023\/01\/Inequality-logo-200x41.png 200w, https:\/\/stnr.aps.pt\/classes-desigualdades-politicas-publicas\/wp-content\/uploads\/sites\/21\/2023\/01\/Inequality-logo-300x61.png 300w, https:\/\/stnr.aps.pt\/classes-desigualdades-politicas-publicas\/wp-content\/uploads\/sites\/21\/2023\/01\/Inequality-logo-400x82.png 400w, https:\/\/stnr.aps.pt\/classes-desigualdades-politicas-publicas\/wp-content\/uploads\/sites\/21\/2023\/01\/Inequality-logo.png 488w\" data-sizes=\"auto\" data-orig-sizes=\"(max-width: 300px) 100vw, 300px\" \/><\/a><\/p>\n<p style=\"text-align: center\"><strong style=\"text-align: center\">Inequality.org<\/strong><\/p>\n<\/div><\/div><\/div><div class=\"fusion-layout-column fusion_builder_column fusion-builder-column-10 fusion_builder_column_1_4 1_4 fusion-flex-column\" style=\"--awb-bg-size:cover;--awb-width-large:25%;--awb-margin-top-large:0px;--awb-spacing-right-large:7.68%;--awb-margin-bottom-large:20px;--awb-spacing-left-large:7.68%;--awb-width-medium:25%;--awb-order-medium:0;--awb-spacing-right-medium:7.68%;--awb-spacing-left-medium:7.68%;--awb-width-small:100%;--awb-order-small:0;--awb-spacing-right-small:1.92%;--awb-spacing-left-small:1.92%;\"><div class=\"fusion-column-wrapper fusion-column-has-shadow fusion-flex-justify-content-flex-start fusion-content-layout-column\"><div class=\"fusion-text fusion-text-11\"><p style=\"text-align: center\"><a href=\"http:\/\/web.worldbank.org\"><img decoding=\"async\" class=\"lazyload alignnone wp-image-799 aligncenter\" src=\"https:\/\/stnr.aps.pt\/classes-desigualdades-politicas-publicas\/wp-content\/uploads\/sites\/21\/2023\/01\/World-Bank-300x169.jpg\" data-orig-src=\"https:\/\/stnr.aps.pt\/classes-desigualdades-politicas-publicas\/wp-content\/uploads\/sites\/21\/2023\/01\/World-Bank-300x169.jpg\" alt=\"\" width=\"277\" height=\"156\" srcset=\"data:image\/svg+xml,%3Csvg%20xmlns%3D%27http%3A%2F%2Fwww.w3.org%2F2000%2Fsvg%27%20width%3D%27277%27%20height%3D%27156%27%20viewBox%3D%270%200%20277%20156%27%3E%3Crect%20width%3D%27277%27%20height%3D%27156%27%20fill-opacity%3D%220%22%2F%3E%3C%2Fsvg%3E\" data-srcset=\"https:\/\/stnr.aps.pt\/classes-desigualdades-politicas-publicas\/wp-content\/uploads\/sites\/21\/2023\/01\/World-Bank-200x113.jpg 200w, https:\/\/stnr.aps.pt\/classes-desigualdades-politicas-publicas\/wp-content\/uploads\/sites\/21\/2023\/01\/World-Bank-300x169.jpg 300w, https:\/\/stnr.aps.pt\/classes-desigualdades-politicas-publicas\/wp-content\/uploads\/sites\/21\/2023\/01\/World-Bank.jpg 400w\" data-sizes=\"auto\" data-orig-sizes=\"(max-width: 277px) 100vw, 277px\" \/><\/a><\/p>\n<p style=\"text-align: center\"><strong style=\"text-align: center\">Inequality Around the World<\/strong><\/p>\n<\/div><\/div><\/div><div class=\"fusion-layout-column fusion_builder_column fusion-builder-column-11 fusion_builder_column_1_4 1_4 fusion-flex-column\" style=\"--awb-bg-size:cover;--awb-width-large:25%;--awb-margin-top-large:0px;--awb-spacing-right-large:7.68%;--awb-margin-bottom-large:20px;--awb-spacing-left-large:7.68%;--awb-width-medium:25%;--awb-order-medium:0;--awb-spacing-right-medium:7.68%;--awb-spacing-left-medium:7.68%;--awb-width-small:100%;--awb-order-small:0;--awb-spacing-right-small:1.92%;--awb-spacing-left-small:1.92%;\"><div class=\"fusion-column-wrapper fusion-column-has-shadow fusion-flex-justify-content-flex-start fusion-content-layout-column\"><div class=\"fusion-text fusion-text-12\"><p style=\"text-align: center\"><a href=\"http:\/\/inequalitywatch.eu\/\"><img decoding=\"async\" class=\"lazyload alignnone size-full wp-image-800 aligncenter\" src=\"https:\/\/stnr.aps.pt\/classes-desigualdades-politicas-publicas\/wp-content\/uploads\/sites\/21\/2023\/01\/siteon0-b9b71.png\" data-orig-src=\"https:\/\/stnr.aps.pt\/classes-desigualdades-politicas-publicas\/wp-content\/uploads\/sites\/21\/2023\/01\/siteon0-b9b71.png\" alt=\"\" width=\"300\" height=\"89\" srcset=\"data:image\/svg+xml,%3Csvg%20xmlns%3D%27http%3A%2F%2Fwww.w3.org%2F2000%2Fsvg%27%20width%3D%27300%27%20height%3D%2789%27%20viewBox%3D%270%200%20300%2089%27%3E%3Crect%20width%3D%27300%27%20height%3D%2789%27%20fill-opacity%3D%220%22%2F%3E%3C%2Fsvg%3E\" data-srcset=\"https:\/\/stnr.aps.pt\/classes-desigualdades-politicas-publicas\/wp-content\/uploads\/sites\/21\/2023\/01\/siteon0-b9b71-200x59.png 200w, https:\/\/stnr.aps.pt\/classes-desigualdades-politicas-publicas\/wp-content\/uploads\/sites\/21\/2023\/01\/siteon0-b9b71.png 300w\" data-sizes=\"auto\" data-orig-sizes=\"(max-width: 300px) 100vw, 300px\" \/><\/a><\/p>\n<p style=\"text-align: center\"><strong style=\"text-align: center\">Inequality Watch<\/strong><\/p>\n<\/div><\/div><\/div><div class=\"fusion-layout-column fusion_builder_column fusion-builder-column-12 fusion_builder_column_1_4 1_4 fusion-flex-column\" style=\"--awb-bg-size:cover;--awb-width-large:25%;--awb-margin-top-large:0px;--awb-spacing-right-large:7.68%;--awb-margin-bottom-large:20px;--awb-spacing-left-large:7.68%;--awb-width-medium:25%;--awb-order-medium:0;--awb-spacing-right-medium:7.68%;--awb-spacing-left-medium:7.68%;--awb-width-small:100%;--awb-order-small:0;--awb-spacing-right-small:1.92%;--awb-spacing-left-small:1.92%;\"><div class=\"fusion-column-wrapper fusion-column-has-shadow fusion-flex-justify-content-flex-start fusion-content-layout-column\"><div class=\"fusion-text fusion-text-13\"><p style=\"text-align: center\"><a href=\"http:\/\/www.ilo.org\"><img decoding=\"async\" class=\"lazyload alignnone size-medium wp-image-801 aligncenter\" src=\"https:\/\/stnr.aps.pt\/classes-desigualdades-politicas-publicas\/wp-content\/uploads\/sites\/21\/2023\/01\/ilo-300x168.jpg\" data-orig-src=\"https:\/\/stnr.aps.pt\/classes-desigualdades-politicas-publicas\/wp-content\/uploads\/sites\/21\/2023\/01\/ilo-300x168.jpg\" alt=\"\" width=\"300\" height=\"168\" srcset=\"data:image\/svg+xml,%3Csvg%20xmlns%3D%27http%3A%2F%2Fwww.w3.org%2F2000%2Fsvg%27%20width%3D%27300%27%20height%3D%27168%27%20viewBox%3D%270%200%20300%20168%27%3E%3Crect%20width%3D%27300%27%20height%3D%27168%27%20fill-opacity%3D%220%22%2F%3E%3C%2Fsvg%3E\" data-srcset=\"https:\/\/stnr.aps.pt\/classes-desigualdades-politicas-publicas\/wp-content\/uploads\/sites\/21\/2023\/01\/ilo-200x112.jpg 200w, https:\/\/stnr.aps.pt\/classes-desigualdades-politicas-publicas\/wp-content\/uploads\/sites\/21\/2023\/01\/ilo-300x168.jpg 300w, https:\/\/stnr.aps.pt\/classes-desigualdades-politicas-publicas\/wp-content\/uploads\/sites\/21\/2023\/01\/ilo-400x224.jpg 400w, https:\/\/stnr.aps.pt\/classes-desigualdades-politicas-publicas\/wp-content\/uploads\/sites\/21\/2023\/01\/ilo-600x336.jpg 600w, https:\/\/stnr.aps.pt\/classes-desigualdades-politicas-publicas\/wp-content\/uploads\/sites\/21\/2023\/01\/ilo-768x431.jpg 768w, https:\/\/stnr.aps.pt\/classes-desigualdades-politicas-publicas\/wp-content\/uploads\/sites\/21\/2023\/01\/ilo-800x448.jpg 800w, https:\/\/stnr.aps.pt\/classes-desigualdades-politicas-publicas\/wp-content\/uploads\/sites\/21\/2023\/01\/ilo-1024x574.jpg 1024w, https:\/\/stnr.aps.pt\/classes-desigualdades-politicas-publicas\/wp-content\/uploads\/sites\/21\/2023\/01\/ilo-1200x673.jpg 1200w, https:\/\/stnr.aps.pt\/classes-desigualdades-politicas-publicas\/wp-content\/uploads\/sites\/21\/2023\/01\/ilo-1320x740.jpg 1320w, https:\/\/stnr.aps.pt\/classes-desigualdades-politicas-publicas\/wp-content\/uploads\/sites\/21\/2023\/01\/ilo-1536x861.jpg 1536w\" data-sizes=\"auto\" data-orig-sizes=\"(max-width: 300px) 100vw, 300px\" \/><\/a><strong style=\"text-align: center\">International Labour Organization<\/strong><\/p>\n<\/div><\/div><\/div><div class=\"fusion-layout-column fusion_builder_column fusion-builder-column-13 fusion_builder_column_1_4 1_4 fusion-flex-column\" style=\"--awb-bg-size:cover;--awb-width-large:25%;--awb-margin-top-large:0px;--awb-spacing-right-large:7.68%;--awb-margin-bottom-large:20px;--awb-spacing-left-large:7.68%;--awb-width-medium:25%;--awb-order-medium:0;--awb-spacing-right-medium:7.68%;--awb-spacing-left-medium:7.68%;--awb-width-small:100%;--awb-order-small:0;--awb-spacing-right-small:1.92%;--awb-spacing-left-small:1.92%;\"><div class=\"fusion-column-wrapper fusion-column-has-shadow fusion-flex-justify-content-flex-start fusion-content-layout-column\"><div class=\"fusion-text fusion-text-14\"><p><a href=\"http:\/\/www.oecd.org\"><img decoding=\"async\" class=\"lazyload alignnone wp-image-802 aligncenter\" src=\"https:\/\/stnr.aps.pt\/classes-desigualdades-politicas-publicas\/wp-content\/uploads\/sites\/21\/2023\/01\/OECD-social-sharex-300x150.jpg\" data-orig-src=\"https:\/\/stnr.aps.pt\/classes-desigualdades-politicas-publicas\/wp-content\/uploads\/sites\/21\/2023\/01\/OECD-social-sharex-300x150.jpg\" alt=\"\" width=\"284\" height=\"142\" srcset=\"data:image\/svg+xml,%3Csvg%20xmlns%3D%27http%3A%2F%2Fwww.w3.org%2F2000%2Fsvg%27%20width%3D%27284%27%20height%3D%27142%27%20viewBox%3D%270%200%20284%20142%27%3E%3Crect%20width%3D%27284%27%20height%3D%27142%27%20fill-opacity%3D%220%22%2F%3E%3C%2Fsvg%3E\" data-srcset=\"https:\/\/stnr.aps.pt\/classes-desigualdades-politicas-publicas\/wp-content\/uploads\/sites\/21\/2023\/01\/OECD-social-sharex-200x100.jpg 200w, https:\/\/stnr.aps.pt\/classes-desigualdades-politicas-publicas\/wp-content\/uploads\/sites\/21\/2023\/01\/OECD-social-sharex-300x150.jpg 300w, https:\/\/stnr.aps.pt\/classes-desigualdades-politicas-publicas\/wp-content\/uploads\/sites\/21\/2023\/01\/OECD-social-sharex-400x200.jpg 400w, https:\/\/stnr.aps.pt\/classes-desigualdades-politicas-publicas\/wp-content\/uploads\/sites\/21\/2023\/01\/OECD-social-sharex-540x272.jpg 540w, https:\/\/stnr.aps.pt\/classes-desigualdades-politicas-publicas\/wp-content\/uploads\/sites\/21\/2023\/01\/OECD-social-sharex-600x300.jpg 600w, https:\/\/stnr.aps.pt\/classes-desigualdades-politicas-publicas\/wp-content\/uploads\/sites\/21\/2023\/01\/OECD-social-sharex.jpg 700w\" data-sizes=\"auto\" data-orig-sizes=\"(max-width: 284px) 100vw, 284px\" \/><\/a><\/p>\n<p style=\"text-align: center\"><strong style=\"text-align: center\">Organization for Economic Co-operation and Development (OECD)<\/strong><\/p>\n<\/div><\/div><\/div><div class=\"fusion-layout-column fusion_builder_column fusion-builder-column-14 fusion_builder_column_1_4 1_4 fusion-flex-column\" style=\"--awb-bg-size:cover;--awb-width-large:25%;--awb-margin-top-large:0px;--awb-spacing-right-large:7.68%;--awb-margin-bottom-large:20px;--awb-spacing-left-large:7.68%;--awb-width-medium:25%;--awb-order-medium:0;--awb-spacing-right-medium:7.68%;--awb-spacing-left-medium:7.68%;--awb-width-small:100%;--awb-order-small:0;--awb-spacing-right-small:1.92%;--awb-spacing-left-small:1.92%;\"><div class=\"fusion-column-wrapper fusion-column-has-shadow fusion-flex-justify-content-flex-start fusion-content-layout-column\"><div class=\"fusion-text fusion-text-15\"><p style=\"text-align: center\"><a href=\"http:\/\/www.hdr.undp.org\/\"><img decoding=\"async\" class=\"lazyload alignnone size-medium wp-image-804 aligncenter\" src=\"https:\/\/stnr.aps.pt\/classes-desigualdades-politicas-publicas\/wp-content\/uploads\/sites\/21\/2023\/01\/united-nations-development-programme-118361.jpg\" data-orig-src=\"https:\/\/stnr.aps.pt\/classes-desigualdades-politicas-publicas\/wp-content\/uploads\/sites\/21\/2023\/01\/united-nations-development-programme-118361.jpg\" alt=\"\" width=\"232\" height=\"182\" srcset=\"data:image\/svg+xml,%3Csvg%20xmlns%3D%27http%3A%2F%2Fwww.w3.org%2F2000%2Fsvg%27%20width%3D%27232%27%20height%3D%27182%27%20viewBox%3D%270%200%20232%20182%27%3E%3Crect%20width%3D%27232%27%20height%3D%27182%27%20fill-opacity%3D%220%22%2F%3E%3C%2Fsvg%3E\" data-srcset=\"https:\/\/stnr.aps.pt\/classes-desigualdades-politicas-publicas\/wp-content\/uploads\/sites\/21\/2023\/01\/united-nations-development-programme-118361-200x157.jpg 200w, https:\/\/stnr.aps.pt\/classes-desigualdades-politicas-publicas\/wp-content\/uploads\/sites\/21\/2023\/01\/united-nations-development-programme-118361.jpg 232w\" data-sizes=\"auto\" data-orig-sizes=\"(max-width: 232px) 100vw, 232px\" \/><\/a><\/p>\n<p style=\"text-align: center\"><strong style=\"text-align: center\">United Nations Development Programme (UNDP) \/ Human Development Reports<\/strong><\/p>\n<\/div><\/div><\/div><div class=\"fusion-layout-column fusion_builder_column fusion-builder-column-15 fusion_builder_column_1_4 1_4 fusion-flex-column\" style=\"--awb-bg-size:cover;--awb-width-large:25%;--awb-margin-top-large:0px;--awb-spacing-right-large:7.68%;--awb-margin-bottom-large:20px;--awb-spacing-left-large:7.68%;--awb-width-medium:25%;--awb-order-medium:0;--awb-spacing-right-medium:7.68%;--awb-spacing-left-medium:7.68%;--awb-width-small:100%;--awb-order-small:0;--awb-spacing-right-small:1.92%;--awb-spacing-left-small:1.92%;\"><div class=\"fusion-column-wrapper fusion-column-has-shadow fusion-flex-justify-content-flex-start fusion-content-layout-column\"><div class=\"fusion-text fusion-text-16\"><p style=\"text-align: center\"><a href=\"https:\/\/wid.world\/\"><img decoding=\"async\" class=\"lazyload alignnone size-medium wp-image-805\" src=\"https:\/\/stnr.aps.pt\/classes-desigualdades-politicas-publicas\/wp-content\/uploads\/sites\/21\/2023\/01\/share-img-5-300x176.png\" data-orig-src=\"https:\/\/stnr.aps.pt\/classes-desigualdades-politicas-publicas\/wp-content\/uploads\/sites\/21\/2023\/01\/share-img-5-300x176.png\" alt=\"\" width=\"300\" height=\"176\" srcset=\"data:image\/svg+xml,%3Csvg%20xmlns%3D%27http%3A%2F%2Fwww.w3.org%2F2000%2Fsvg%27%20width%3D%27300%27%20height%3D%27176%27%20viewBox%3D%270%200%20300%20176%27%3E%3Crect%20width%3D%27300%27%20height%3D%27176%27%20fill-opacity%3D%220%22%2F%3E%3C%2Fsvg%3E\" data-srcset=\"https:\/\/stnr.aps.pt\/classes-desigualdades-politicas-publicas\/wp-content\/uploads\/sites\/21\/2023\/01\/share-img-5-200x117.png 200w, https:\/\/stnr.aps.pt\/classes-desigualdades-politicas-publicas\/wp-content\/uploads\/sites\/21\/2023\/01\/share-img-5-300x176.png 300w, https:\/\/stnr.aps.pt\/classes-desigualdades-politicas-publicas\/wp-content\/uploads\/sites\/21\/2023\/01\/share-img-5-400x234.png 400w, https:\/\/stnr.aps.pt\/classes-desigualdades-politicas-publicas\/wp-content\/uploads\/sites\/21\/2023\/01\/share-img-5-600x351.png 600w, https:\/\/stnr.aps.pt\/classes-desigualdades-politicas-publicas\/wp-content\/uploads\/sites\/21\/2023\/01\/share-img-5-768x450.png 768w, https:\/\/stnr.aps.pt\/classes-desigualdades-politicas-publicas\/wp-content\/uploads\/sites\/21\/2023\/01\/share-img-5-800x468.png 800w, https:\/\/stnr.aps.pt\/classes-desigualdades-politicas-publicas\/wp-content\/uploads\/sites\/21\/2023\/01\/share-img-5.png 1025w\" data-sizes=\"auto\" data-orig-sizes=\"(max-width: 300px) 100vw, 300px\" \/><\/a><\/p>\n<p style=\"text-align: center\"><strong>World Inequality Database (WID)<\/strong><\/p>\n<\/div><\/div><\/div><div class=\"fusion-layout-column fusion_builder_column fusion-builder-column-16 fusion_builder_column_1_4 1_4 fusion-flex-column\" style=\"--awb-bg-size:cover;--awb-width-large:25%;--awb-margin-top-large:0px;--awb-spacing-right-large:7.68%;--awb-margin-bottom-large:20px;--awb-spacing-left-large:7.68%;--awb-width-medium:25%;--awb-order-medium:0;--awb-spacing-right-medium:7.68%;--awb-spacing-left-medium:7.68%;--awb-width-small:100%;--awb-order-small:0;--awb-spacing-right-small:1.92%;--awb-spacing-left-small:1.92%;\"><div class=\"fusion-column-wrapper fusion-column-has-shadow fusion-flex-justify-content-flex-start fusion-content-layout-column\"><\/div><\/div><div class=\"fusion-layout-column fusion_builder_column fusion-builder-column-17 fusion_builder_column_1_4 1_4 fusion-flex-column\" style=\"--awb-bg-size:cover;--awb-width-large:25%;--awb-margin-top-large:0px;--awb-spacing-right-large:7.68%;--awb-margin-bottom-large:20px;--awb-spacing-left-large:7.68%;--awb-width-medium:25%;--awb-order-medium:0;--awb-spacing-right-medium:7.68%;--awb-spacing-left-medium:7.68%;--awb-width-small:100%;--awb-order-small:0;--awb-spacing-right-small:1.92%;--awb-spacing-left-small:1.92%;\"><div class=\"fusion-column-wrapper fusion-column-has-shadow fusion-flex-justify-content-flex-start fusion-content-layout-column\"><\/div><\/div><\/div><\/div><\/p>\n","protected":false},"excerpt":{"rendered":"","protected":false},"author":8,"featured_media":0,"parent":0,"menu_order":0,"comment_status":"closed","ping_status":"closed","template":"","meta":{"footnotes":""},"class_list":["post-690","page","type-page","status-publish","hentry"],"_links":{"self":[{"href":"https:\/\/stnr.aps.pt\/classes-desigualdades-politicas-publicas\/wp-json\/wp\/v2\/pages\/690","targetHints":{"allow":["GET"]}}],"collection":[{"href":"https:\/\/stnr.aps.pt\/classes-desigualdades-politicas-publicas\/wp-json\/wp\/v2\/pages"}],"about":[{"href":"https:\/\/stnr.aps.pt\/classes-desigualdades-politicas-publicas\/wp-json\/wp\/v2\/types\/page"}],"author":[{"embeddable":true,"href":"https:\/\/stnr.aps.pt\/classes-desigualdades-politicas-publicas\/wp-json\/wp\/v2\/users\/8"}],"replies":[{"embeddable":true,"href":"https:\/\/stnr.aps.pt\/classes-desigualdades-politicas-publicas\/wp-json\/wp\/v2\/comments?post=690"}],"version-history":[{"count":19,"href":"https:\/\/stnr.aps.pt\/classes-desigualdades-politicas-publicas\/wp-json\/wp\/v2\/pages\/690\/revisions"}],"predecessor-version":[{"id":813,"href":"https:\/\/stnr.aps.pt\/classes-desigualdades-politicas-publicas\/wp-json\/wp\/v2\/pages\/690\/revisions\/813"}],"wp:attachment":[{"href":"https:\/\/stnr.aps.pt\/classes-desigualdades-politicas-publicas\/wp-json\/wp\/v2\/media?parent=690"}],"curies":[{"name":"wp","href":"https:\/\/api.w.org\/{rel}","templated":true}]}}